{"id":974,"date":"2022-05-04T08:04:35","date_gmt":"2022-05-04T08:04:35","guid":{"rendered":"https:\/\/canalagrariolapalma.com\/aula\/?post_type=tribe_events&#038;p=974"},"modified":"2022-05-04T08:23:23","modified_gmt":"2022-05-04T08:23:23","slug":"manejo-y-control-de-la-arana-cristalina-del-aguacate","status":"publish","type":"tribe_events","link":"https:\/\/canalagrariolapalma.com\/aula\/curso\/manejo-y-control-de-la-arana-cristalina-del-aguacate\/","title":{"rendered":"Manejo y control de la ara\u00f1a cristalina del aguacate"},"content":{"rendered":"<p>El Servicio de Agricultura, Ganader\u00eda y Pesca del Cabildo de la Palma organiza \u00abManejo y control de la ara\u00f1a cristalina del aguacate\u00bb, que tendr\u00e1 lugar el 20 de mayo de 2022.<\/p>\n<p>DOCENTES: <strong>Jos\u00e9 Antonio Marante Marante.<\/strong><\/p>\n<p>AFORO:\u00a0<strong>25 personas.<\/strong><\/p>\n<p>LUGAR CELEBRACI\u00d3N: <strong>Agencia de Extensi\u00f3n Agraria de Bre\u00f1a Alta.\u00a0<\/strong><\/p>\n<p><a class=\"qbutton default\" href=\"https:\/\/docs.google.com\/forms\/d\/1A-iXRTguEKScc8_rhg0-Eizo7Z0EvWP3v1S_RIQgF7U\/edit?usp=sharing\" target=\"_blank\" rel=\"noopener\">INSCRIPCI\u00d3N<\/a><\/p>\n","protected":false},"excerpt":{"rendered":"<p>El Servicio de Agricultura, Ganader\u00eda y Pesca del Cabildo de la Palma organiza \u00abManejo y control de la ara\u00f1a cristalina del aguacate\u00bb, que tendr\u00e1 lugar el 20 de mayo de 2022<\/p>\n","protected":false},"author":3,"featured_media":975,"comment_status":"open","ping_status":"closed","template":"","meta":{"_tribe_events_status":"","_tribe_events_status_reason":""},"tags":[16],"tribe_events_cat":[11],"yoast_head":"<!-- This site is optimized with the Yoast SEO plugin v23.5 - https:\/\/yoast.com\/wordpress\/plugins\/seo\/ -->\n<title>Manejo y control de la ara\u00f1a cristalina del aguacate - Aula Agraria Cabildo de La Palma<\/title>\n<meta name=\"robots\" content=\"index, follow, max-snippet:-1, max-image-preview:large, max-video-preview:-1\" \/>\n<link rel=\"canonical\" href=\"https:\/\/canalagrariolapalma.com\/aula\/curso\/manejo-y-control-de-la-arana-cristalina-del-aguacate\/\" \/>\n<meta property=\"og:locale\" content=\"es_ES\" \/>\n<meta property=\"og:type\" content=\"article\" \/>\n<meta property=\"og:title\" content=\"Manejo y control de la ara\u00f1a cristalina del aguacate\" \/>\n<meta property=\"og:description\" content=\"El Servicio de Agricultura, Ganader\u00eda y Pesca del Cabildo de la Palma organiza \u00abManejo y control de la ara\u00f1a cristalina del aguacate\u00bb, que tendr\u00e1 lugar el 20 de mayo de 2022\" \/>\n<meta property=\"og:url\" content=\"https:\/\/canalagrariolapalma.com\/aula\/curso\/manejo-y-control-de-la-arana-cristalina-del-aguacate\/\" \/>\n<meta property=\"og:site_name\" content=\"Aula Agraria Cabildo de La Palma\" \/>\n<meta property=\"article:modified_time\" content=\"2022-05-04T08:23:23+00:00\" \/>\n<meta property=\"og:image\" content=\"https:\/\/canalagrariolapalma.com\/aula\/wp-content\/uploads\/2022\/05\/Cartel-Arana-Amarilla-scaled.jpg\" \/>\n\t<meta property=\"og:image:width\" content=\"1810\" \/>\n\t<meta property=\"og:image:height\" content=\"2560\" \/>\n\t<meta property=\"og:image:type\" content=\"image\/jpeg\" \/>\n<meta name=\"twitter:card\" content=\"summary_large_image\" \/>\n<meta name=\"twitter:title\" content=\"Manejo y control de la ara\u00f1a cristalina del aguacate\" \/>\n<meta name=\"twitter:description\" content=\"El Servicio de Agricultura, Ganader\u00eda y Pesca del Cabildo de la Palma organiza \u00abManejo y control de la ara\u00f1a cristalina del aguacate\u00bb, que tendr\u00e1 lugar el 20 de mayo de 2022\" \/>\n<meta name=\"twitter:image\" content=\"https:\/\/canalagrariolapalma.com\/aula\/wp-content\/uploads\/2022\/05\/Cartel-Arana-Amarilla-scaled.jpg\" \/>\n<meta name=\"twitter:label1\" content=\"Tiempo de lectura\" \/>\n\t<meta name=\"twitter:data1\" content=\"1 minuto\" \/>\n<script type=\"application\/ld+json\" class=\"yoast-schema-graph\">{\"@context\":\"https:\/\/schema.org\",\"@graph\":[{\"@type\":\"WebPage\",\"@id\":\"https:\/\/canalagrariolapalma.com\/aula\/curso\/manejo-y-control-de-la-arana-cristalina-del-aguacate\/\",\"url\":\"https:\/\/canalagrariolapalma.com\/aula\/curso\/manejo-y-control-de-la-arana-cristalina-del-aguacate\/\",\"name\":\"Manejo y control de la ara\u00f1a cristalina del aguacate - Aula Agraria Cabildo de La Palma\",\"isPartOf\":{\"@id\":\"https:\/\/canalagrariolapalma.com\/aula\/#website\"},\"primaryImageOfPage\":{\"@id\":\"https:\/\/canalagrariolapalma.com\/aula\/curso\/manejo-y-control-de-la-arana-cristalina-del-aguacate\/#primaryimage\"},\"image\":{\"@id\":\"https:\/\/canalagrariolapalma.com\/aula\/curso\/manejo-y-control-de-la-arana-cristalina-del-aguacate\/#primaryimage\"},\"thumbnailUrl\":\"https:\/\/canalagrariolapalma.com\/aula\/wp-content\/uploads\/2022\/05\/Cartel-Arana-Amarilla-scaled.jpg\",\"datePublished\":\"2022-05-04T08:04:35+00:00\",\"dateModified\":\"2022-05-04T08:23:23+00:00\",\"breadcrumb\":{\"@id\":\"https:\/\/canalagrariolapalma.com\/aula\/curso\/manejo-y-control-de-la-arana-cristalina-del-aguacate\/#breadcrumb\"},\"inLanguage\":\"es\",\"potentialAction\":[{\"@type\":\"ReadAction\",\"target\":[\"https:\/\/canalagrariolapalma.com\/aula\/curso\/manejo-y-control-de-la-arana-cristalina-del-aguacate\/\"]}]},{\"@type\":\"ImageObject\",\"inLanguage\":\"es\",\"@id\":\"https:\/\/canalagrariolapalma.com\/aula\/curso\/manejo-y-control-de-la-arana-cristalina-del-aguacate\/#primaryimage\",\"url\":\"https:\/\/canalagrariolapalma.com\/aula\/wp-content\/uploads\/2022\/05\/Cartel-Arana-Amarilla-scaled.jpg\",\"contentUrl\":\"https:\/\/canalagrariolapalma.com\/aula\/wp-content\/uploads\/2022\/05\/Cartel-Arana-Amarilla-scaled.jpg\",\"width\":1810,\"height\":2560},{\"@type\":\"BreadcrumbList\",\"@id\":\"https:\/\/canalagrariolapalma.com\/aula\/curso\/manejo-y-control-de-la-arana-cristalina-del-aguacate\/#breadcrumb\",\"itemListElement\":[{\"@type\":\"ListItem\",\"position\":1,\"name\":\"Portada\",\"item\":\"https:\/\/canalagrariolapalma.com\/aula\/\"},{\"@type\":\"ListItem\",\"position\":2,\"name\":\"Eventos\",\"item\":\"https:\/\/canalagrariolapalma.com\/aula\/cursos\/\"},{\"@type\":\"ListItem\",\"position\":3,\"name\":\"Manejo y control de la ara\u00f1a cristalina del aguacate\"}]},{\"@type\":\"WebSite\",\"@id\":\"https:\/\/canalagrariolapalma.com\/aula\/#website\",\"url\":\"https:\/\/canalagrariolapalma.com\/aula\/\",\"name\":\"Aula Agraria Cabildo de La Palma\",\"description\":\"Cursos profesionales homologados. Consejer\u00eda de Agricultura, Ganader\u00eda y Pesca del Cabildo de La Palma\",\"publisher\":{\"@id\":\"https:\/\/canalagrariolapalma.com\/aula\/#organization\"},\"potentialAction\":[{\"@type\":\"SearchAction\",\"target\":{\"@type\":\"EntryPoint\",\"urlTemplate\":\"https:\/\/canalagrariolapalma.com\/aula\/?s={search_term_string}\"},\"query-input\":{\"@type\":\"PropertyValueSpecification\",\"valueRequired\":true,\"valueName\":\"search_term_string\"}}],\"inLanguage\":\"es\"},{\"@type\":\"Organization\",\"@id\":\"https:\/\/canalagrariolapalma.com\/aula\/#organization\",\"name\":\"Aula Agraria Cabildo de La Palma\",\"url\":\"https:\/\/canalagrariolapalma.com\/aula\/\",\"logo\":{\"@type\":\"ImageObject\",\"inLanguage\":\"es\",\"@id\":\"https:\/\/canalagrariolapalma.com\/aula\/#\/schema\/logo\/image\/\",\"url\":\"https:\/\/canalagrariolapalma.com\/aula\/wp-content\/uploads\/2021\/01\/CABILDO-CONSEJERIA-AGRICULTURA.png\",\"contentUrl\":\"https:\/\/canalagrariolapalma.com\/aula\/wp-content\/uploads\/2021\/01\/CABILDO-CONSEJERIA-AGRICULTURA.png\",\"width\":320,\"height\":172,\"caption\":\"Aula Agraria Cabildo de La Palma\"},\"image\":{\"@id\":\"https:\/\/canalagrariolapalma.com\/aula\/#\/schema\/logo\/image\/\"}}]}<\/script>\n<!-- \/ Yoast SEO plugin. -->","yoast_head_json":{"title":"Manejo y control de la ara\u00f1a cristalina del aguacate - Aula Agraria Cabildo de La Palma","robots":{"index":"index","follow":"follow","max-snippet":"max-snippet:-1","max-image-preview":"max-image-preview:large","max-video-preview":"max-video-preview:-1"},"canonical":"https:\/\/canalagrariolapalma.com\/aula\/curso\/manejo-y-control-de-la-arana-cristalina-del-aguacate\/","og_locale":"es_ES","og_type":"article","og_title":"Manejo y control de la ara\u00f1a cristalina del aguacate","og_description":"El Servicio de Agricultura, Ganader\u00eda y Pesca del Cabildo de la Palma organiza \u00abManejo y control de la ara\u00f1a cristalina del aguacate\u00bb, que tendr\u00e1 lugar el 20 de mayo de 2022","og_url":"https:\/\/canalagrariolapalma.com\/aula\/curso\/manejo-y-control-de-la-arana-cristalina-del-aguacate\/","og_site_name":"Aula Agraria Cabildo de La Palma","article_modified_time":"2022-05-04T08:23:23+00:00","og_image":[{"width":1810,"height":2560,"url":"https:\/\/canalagrariolapalma.com\/aula\/wp-content\/uploads\/2022\/05\/Cartel-Arana-Amarilla-scaled.jpg","type":"image\/jpeg"}],"twitter_card":"summary_large_image","twitter_title":"Manejo y control de la ara\u00f1a cristalina del aguacate","twitter_description":"El Servicio de Agricultura, Ganader\u00eda y Pesca del Cabildo de la Palma organiza \u00abManejo y control de la ara\u00f1a cristalina del aguacate\u00bb, que tendr\u00e1 lugar el 20 de mayo de 2022","twitter_image":"https:\/\/canalagrariolapalma.com\/aula\/wp-content\/uploads\/2022\/05\/Cartel-Arana-Amarilla-scaled.jpg","twitter_misc":{"Tiempo de lectura":"1 minuto"},"schema":{"@context":"https:\/\/schema.org","@graph":[{"@type":"WebPage","@id":"https:\/\/canalagrariolapalma.com\/aula\/curso\/manejo-y-control-de-la-arana-cristalina-del-aguacate\/","url":"https:\/\/canalagrariolapalma.com\/aula\/curso\/manejo-y-control-de-la-arana-cristalina-del-aguacate\/","name":"Manejo y control de la ara\u00f1a cristalina del aguacate - Aula Agraria Cabildo de La Palma","isPartOf":{"@id":"https:\/\/canalagrariolapalma.com\/aula\/#website"},"primaryImageOfPage":{"@id":"https:\/\/canalagrariolapalma.com\/aula\/curso\/manejo-y-control-de-la-arana-cristalina-del-aguacate\/#primaryimage"},"image":{"@id":"https:\/\/canalagrariolapalma.com\/aula\/curso\/manejo-y-control-de-la-arana-cristalina-del-aguacate\/#primaryimage"},"thumbnailUrl":"https:\/\/canalagrariolapalma.com\/aula\/wp-content\/uploads\/2022\/05\/Cartel-Arana-Amarilla-scaled.jpg","datePublished":"2022-05-04T08:04:35+00:00","dateModified":"2022-05-04T08:23:23+00:00","breadcrumb":{"@id":"https:\/\/canalagrariolapalma.com\/aula\/curso\/manejo-y-control-de-la-arana-cristalina-del-aguacate\/#breadcrumb"},"inLanguage":"es","potentialAction":[{"@type":"ReadAction","target":["https:\/\/canalagrariolapalma.com\/aula\/curso\/manejo-y-control-de-la-arana-cristalina-del-aguacate\/"]}]},{"@type":"ImageObject","inLanguage":"es","@id":"https:\/\/canalagrariolapalma.com\/aula\/curso\/manejo-y-control-de-la-arana-cristalina-del-aguacate\/#primaryimage","url":"https:\/\/canalagrariolapalma.com\/aula\/wp-content\/uploads\/2022\/05\/Cartel-Arana-Amarilla-scaled.jpg","contentUrl":"https:\/\/canalagrariolapalma.com\/aula\/wp-content\/uploads\/2022\/05\/Cartel-Arana-Amarilla-scaled.jpg","width":1810,"height":2560},{"@type":"BreadcrumbList","@id":"https:\/\/canalagrariolapalma.com\/aula\/curso\/manejo-y-control-de-la-arana-cristalina-del-aguacate\/#breadcrumb","itemListElement":[{"@type":"ListItem","position":1,"name":"Portada","item":"https:\/\/canalagrariolapalma.com\/aula\/"},{"@type":"ListItem","position":2,"name":"Eventos","item":"https:\/\/canalagrariolapalma.com\/aula\/cursos\/"},{"@type":"ListItem","position":3,"name":"Manejo y control de la ara\u00f1a cristalina del aguacate"}]},{"@type":"WebSite","@id":"https:\/\/canalagrariolapalma.com\/aula\/#website","url":"https:\/\/canalagrariolapalma.com\/aula\/","name":"Aula Agraria Cabildo de La Palma","description":"Cursos profesionales homologados. Consejer\u00eda de Agricultura, Ganader\u00eda y Pesca del Cabildo de La Palma","publisher":{"@id":"https:\/\/canalagrariolapalma.com\/aula\/#organization"},"potentialAction":[{"@type":"SearchAction","target":{"@type":"EntryPoint","urlTemplate":"https:\/\/canalagrariolapalma.com\/aula\/?s={search_term_string}"},"query-input":{"@type":"PropertyValueSpecification","valueRequired":true,"valueName":"search_term_string"}}],"inLanguage":"es"},{"@type":"Organization","@id":"https:\/\/canalagrariolapalma.com\/aula\/#organization","name":"Aula Agraria Cabildo de La Palma","url":"https:\/\/canalagrariolapalma.com\/aula\/","logo":{"@type":"ImageObject","inLanguage":"es","@id":"https:\/\/canalagrariolapalma.com\/aula\/#\/schema\/logo\/image\/","url":"https:\/\/canalagrariolapalma.com\/aula\/wp-content\/uploads\/2021\/01\/CABILDO-CONSEJERIA-AGRICULTURA.png","contentUrl":"https:\/\/canalagrariolapalma.com\/aula\/wp-content\/uploads\/2021\/01\/CABILDO-CONSEJERIA-AGRICULTURA.png","width":320,"height":172,"caption":"Aula Agraria Cabildo de La Palma"},"image":{"@id":"https:\/\/canalagrariolapalma.com\/aula\/#\/schema\/logo\/image\/"}}]}},"_links":{"self":[{"href":"https:\/\/canalagrariolapalma.com\/aula\/wp-json\/wp\/v2\/tribe_events\/974"}],"collection":[{"href":"https:\/\/canalagrariolapalma.com\/aula\/wp-json\/wp\/v2\/tribe_events"}],"about":[{"href":"https:\/\/canalagrariolapalma.com\/aula\/wp-json\/wp\/v2\/types\/tribe_events"}],"author":[{"embeddable":true,"href":"https:\/\/canalagrariolapalma.com\/aula\/wp-json\/wp\/v2\/users\/3"}],"replies":[{"embeddable":true,"href":"https:\/\/canalagrariolapalma.com\/aula\/wp-json\/wp\/v2\/comments?post=974"}],"version-history":[{"count":3,"href":"https:\/\/canalagrariolapalma.com\/aula\/wp-json\/wp\/v2\/tribe_events\/974\/revisions"}],"predecessor-version":[{"id":978,"href":"https:\/\/canalagrariolapalma.com\/aula\/wp-json\/wp\/v2\/tribe_events\/974\/revisions\/978"}],"wp:featuredmedia":[{"embeddable":true,"href":"https:\/\/canalagrariolapalma.com\/aula\/wp-json\/wp\/v2\/media\/975"}],"wp:attachment":[{"href":"https:\/\/canalagrariolapalma.com\/aula\/wp-json\/wp\/v2\/media?parent=974"}],"wp:term":[{"taxonomy":"post_tag","embeddable":true,"href":"https:\/\/canalagrariolapalma.com\/aula\/wp-json\/wp\/v2\/tags?post=974"},{"taxonomy":"tribe_events_cat","embeddable":true,"href":"https:\/\/canalagrariolapalma.com\/aula\/wp-json\/wp\/v2\/tribe_events_cat?post=974"}],"curies":[{"name":"wp","href":"https:\/\/api.w.org\/{rel}","templated":true}]}}