{"id":1319,"date":"2024-08-29T13:52:08","date_gmt":"2024-08-29T13:52:08","guid":{"rendered":"https:\/\/canalagrariolapalma.com\/aula\/?post_type=tribe_events&#038;p=1319"},"modified":"2024-08-29T13:52:08","modified_gmt":"2024-08-29T13:52:08","slug":"curso-cultivo-ecologico-del-cafe-11-y-12-septiembre-brena-alta","status":"publish","type":"tribe_events","link":"https:\/\/canalagrariolapalma.com\/aula\/curso\/curso-cultivo-ecologico-del-cafe-11-y-12-septiembre-brena-alta\/","title":{"rendered":"Curso \u00abCultivo ecol\u00f3gico del caf\u00e9\u00bb | 11 y 12 septiembre Bre\u00f1a Alta"},"content":{"rendered":"<p>La Fundaci\u00f3n Canaria Centro Internacional de Agricultura Biol\u00f3gica (CIAB) organiza dos cursos especializados en \u00abCultivo ecol\u00f3gico del caf\u00e9\u00bb. Estos cursos est\u00e1n dise\u00f1ados para proporcionar a los participantes un conocimiento profundo y pr\u00e1ctico sobre las t\u00e9cnicas y pr\u00e1cticas de cultivo sostenible del caf\u00e9, un cultivo de gran relevancia en la agricultura canaria.<\/p>\n<p>Los cursos se llevar\u00e1n a cabo en dos fechas y lugares diferentes para facilitar la participaci\u00f3n de todos los interesados. El primer curso se realizar\u00e1 los d\u00edas <strong>11 y 12 de septiembre de 2024 en el Sal\u00f3n de Actos de la Agencia de Extensi\u00f3n Agraria de <a href=\"https:\/\/form.jotform.com\/242284308265356\" target=\"_blank\" rel=\"noopener\">Bre\u00f1a Alta<\/a><\/strong>. El segundo curso tendr\u00e1 lugar el <strong>16 y 17 de octubre de 2024 en La Casa del Quinto, ubicada en <a href=\"https:\/\/form.jotform.com\/242284387376366\" target=\"_blank\" rel=\"noopener\">San Andr\u00e9s y Sauces<\/a><\/strong>. Ambos cursos se desarrollar\u00e1n en un horario de 16:00 a 19:30 horas, lo que permite a los participantes asistir despu\u00e9s de sus actividades diarias.<\/p>\n<p><b>Programa:<\/b><\/p>\n<ul>\n<li>Generalidades del caf\u00e9.<\/li>\n<li>Manejo del cultivo en ecol\u00f3gico.<\/li>\n<li>Caf\u00e9 en La Palma.<\/li>\n<li>Manejo ecol\u00f3gico del suelo.<\/li>\n<li>Visita a explotaci\u00f3n de caf\u00e9.<\/li>\n<\/ul>\n<p>Se trata de una formaci\u00f3n gratuita con <strong>plazas limitadas,<\/strong> por lo que ser\u00e1 necesaria la inscripci\u00f3n previa a trav\u00e9s del siguiente enlace <strong><a href=\"https:\/\/bit.ly\/cursocafe2024\" target=\"_blank\" rel=\"noopener\"><span style=\"color: #467885;\"><u>https:\/\/bit.ly\/cursocafe2024<\/u><\/span><\/a><\/strong><\/p>\n","protected":false},"excerpt":{"rendered":"<p>Dise\u00f1ado para proporcionar a los participantes un conocimiento profundo y pr\u00e1ctico sobre las t\u00e9cnicas y pr\u00e1cticas de cultivo sostenible del caf\u00e9<\/p>\n","protected":false},"author":3,"featured_media":1320,"comment_status":"open","ping_status":"closed","template":"","meta":{"_tribe_events_status":"","_tribe_events_status_reason":""},"tags":[],"tribe_events_cat":[45],"yoast_head":"<!-- This site is optimized with the Yoast SEO plugin v23.5 - https:\/\/yoast.com\/wordpress\/plugins\/seo\/ -->\n<title>Curso &quot;Cultivo ecol\u00f3gico del caf\u00e9&quot; | 11 y 12 septiembre Bre\u00f1a Alta - Aula Agraria Cabildo de La Palma<\/title>\n<meta name=\"robots\" content=\"index, follow, max-snippet:-1, max-image-preview:large, max-video-preview:-1\" \/>\n<link rel=\"canonical\" href=\"https:\/\/canalagrariolapalma.com\/aula\/curso\/curso-cultivo-ecologico-del-cafe-11-y-12-septiembre-brena-alta\/\" \/>\n<meta property=\"og:locale\" content=\"es_ES\" \/>\n<meta property=\"og:type\" content=\"article\" \/>\n<meta property=\"og:title\" content=\"Curso &quot;Cultivo ecol\u00f3gico del caf\u00e9&quot; | 11 y 12 septiembre Bre\u00f1a Alta\" \/>\n<meta property=\"og:description\" content=\"Dise\u00f1ado para proporcionar a los participantes un conocimiento profundo y pr\u00e1ctico sobre las t\u00e9cnicas y pr\u00e1cticas de cultivo sostenible del caf\u00e9\" \/>\n<meta property=\"og:url\" content=\"https:\/\/canalagrariolapalma.com\/aula\/curso\/curso-cultivo-ecologico-del-cafe-11-y-12-septiembre-brena-alta\/\" \/>\n<meta property=\"og:site_name\" content=\"Aula Agraria Cabildo de La Palma\" \/>\n<meta property=\"og:image\" content=\"https:\/\/canalagrariolapalma.com\/aula\/wp-content\/uploads\/2024\/08\/cultivo-cafe.jpg\" \/>\n\t<meta property=\"og:image:width\" content=\"1400\" \/>\n\t<meta property=\"og:image:height\" content=\"2379\" \/>\n\t<meta property=\"og:image:type\" content=\"image\/jpeg\" \/>\n<meta name=\"twitter:card\" content=\"summary_large_image\" \/>\n<meta name=\"twitter:label1\" content=\"Tiempo de lectura\" \/>\n\t<meta name=\"twitter:data1\" content=\"2 minutos\" \/>\n<script type=\"application\/ld+json\" class=\"yoast-schema-graph\">{\"@context\":\"https:\/\/schema.org\",\"@graph\":[{\"@type\":\"WebPage\",\"@id\":\"https:\/\/canalagrariolapalma.com\/aula\/curso\/curso-cultivo-ecologico-del-cafe-11-y-12-septiembre-brena-alta\/\",\"url\":\"https:\/\/canalagrariolapalma.com\/aula\/curso\/curso-cultivo-ecologico-del-cafe-11-y-12-septiembre-brena-alta\/\",\"name\":\"Curso \\\"Cultivo ecol\u00f3gico del caf\u00e9\\\" | 11 y 12 septiembre Bre\u00f1a Alta - Aula Agraria Cabildo de La Palma\",\"isPartOf\":{\"@id\":\"https:\/\/canalagrariolapalma.com\/aula\/#website\"},\"primaryImageOfPage\":{\"@id\":\"https:\/\/canalagrariolapalma.com\/aula\/curso\/curso-cultivo-ecologico-del-cafe-11-y-12-septiembre-brena-alta\/#primaryimage\"},\"image\":{\"@id\":\"https:\/\/canalagrariolapalma.com\/aula\/curso\/curso-cultivo-ecologico-del-cafe-11-y-12-septiembre-brena-alta\/#primaryimage\"},\"thumbnailUrl\":\"https:\/\/canalagrariolapalma.com\/aula\/wp-content\/uploads\/2024\/08\/cultivo-cafe.jpg\",\"datePublished\":\"2024-08-29T13:52:08+00:00\",\"dateModified\":\"2024-08-29T13:52:08+00:00\",\"breadcrumb\":{\"@id\":\"https:\/\/canalagrariolapalma.com\/aula\/curso\/curso-cultivo-ecologico-del-cafe-11-y-12-septiembre-brena-alta\/#breadcrumb\"},\"inLanguage\":\"es\",\"potentialAction\":[{\"@type\":\"ReadAction\",\"target\":[\"https:\/\/canalagrariolapalma.com\/aula\/curso\/curso-cultivo-ecologico-del-cafe-11-y-12-septiembre-brena-alta\/\"]}]},{\"@type\":\"ImageObject\",\"inLanguage\":\"es\",\"@id\":\"https:\/\/canalagrariolapalma.com\/aula\/curso\/curso-cultivo-ecologico-del-cafe-11-y-12-septiembre-brena-alta\/#primaryimage\",\"url\":\"https:\/\/canalagrariolapalma.com\/aula\/wp-content\/uploads\/2024\/08\/cultivo-cafe.jpg\",\"contentUrl\":\"https:\/\/canalagrariolapalma.com\/aula\/wp-content\/uploads\/2024\/08\/cultivo-cafe.jpg\",\"width\":1400,\"height\":2379},{\"@type\":\"BreadcrumbList\",\"@id\":\"https:\/\/canalagrariolapalma.com\/aula\/curso\/curso-cultivo-ecologico-del-cafe-11-y-12-septiembre-brena-alta\/#breadcrumb\",\"itemListElement\":[{\"@type\":\"ListItem\",\"position\":1,\"name\":\"Portada\",\"item\":\"https:\/\/canalagrariolapalma.com\/aula\/\"},{\"@type\":\"ListItem\",\"position\":2,\"name\":\"Eventos\",\"item\":\"https:\/\/canalagrariolapalma.com\/aula\/cursos\/\"},{\"@type\":\"ListItem\",\"position\":3,\"name\":\"Curso \u00abCultivo ecol\u00f3gico del caf\u00e9\u00bb | 11 y 12 septiembre Bre\u00f1a Alta\"}]},{\"@type\":\"WebSite\",\"@id\":\"https:\/\/canalagrariolapalma.com\/aula\/#website\",\"url\":\"https:\/\/canalagrariolapalma.com\/aula\/\",\"name\":\"Aula Agraria Cabildo de La Palma\",\"description\":\"Cursos profesionales homologados. Consejer\u00eda de Agricultura, Ganader\u00eda y Pesca del Cabildo de La Palma\",\"publisher\":{\"@id\":\"https:\/\/canalagrariolapalma.com\/aula\/#organization\"},\"potentialAction\":[{\"@type\":\"SearchAction\",\"target\":{\"@type\":\"EntryPoint\",\"urlTemplate\":\"https:\/\/canalagrariolapalma.com\/aula\/?s={search_term_string}\"},\"query-input\":{\"@type\":\"PropertyValueSpecification\",\"valueRequired\":true,\"valueName\":\"search_term_string\"}}],\"inLanguage\":\"es\"},{\"@type\":\"Organization\",\"@id\":\"https:\/\/canalagrariolapalma.com\/aula\/#organization\",\"name\":\"Aula Agraria Cabildo de La Palma\",\"url\":\"https:\/\/canalagrariolapalma.com\/aula\/\",\"logo\":{\"@type\":\"ImageObject\",\"inLanguage\":\"es\",\"@id\":\"https:\/\/canalagrariolapalma.com\/aula\/#\/schema\/logo\/image\/\",\"url\":\"https:\/\/canalagrariolapalma.com\/aula\/wp-content\/uploads\/2021\/01\/CABILDO-CONSEJERIA-AGRICULTURA.png\",\"contentUrl\":\"https:\/\/canalagrariolapalma.com\/aula\/wp-content\/uploads\/2021\/01\/CABILDO-CONSEJERIA-AGRICULTURA.png\",\"width\":320,\"height\":172,\"caption\":\"Aula Agraria Cabildo de La Palma\"},\"image\":{\"@id\":\"https:\/\/canalagrariolapalma.com\/aula\/#\/schema\/logo\/image\/\"}}]}<\/script>\n<!-- \/ Yoast SEO plugin. -->","yoast_head_json":{"title":"Curso \"Cultivo ecol\u00f3gico del caf\u00e9\" | 11 y 12 septiembre Bre\u00f1a Alta - Aula Agraria Cabildo de La Palma","robots":{"index":"index","follow":"follow","max-snippet":"max-snippet:-1","max-image-preview":"max-image-preview:large","max-video-preview":"max-video-preview:-1"},"canonical":"https:\/\/canalagrariolapalma.com\/aula\/curso\/curso-cultivo-ecologico-del-cafe-11-y-12-septiembre-brena-alta\/","og_locale":"es_ES","og_type":"article","og_title":"Curso \"Cultivo ecol\u00f3gico del caf\u00e9\" | 11 y 12 septiembre Bre\u00f1a Alta","og_description":"Dise\u00f1ado para proporcionar a los participantes un conocimiento profundo y pr\u00e1ctico sobre las t\u00e9cnicas y pr\u00e1cticas de cultivo sostenible del caf\u00e9","og_url":"https:\/\/canalagrariolapalma.com\/aula\/curso\/curso-cultivo-ecologico-del-cafe-11-y-12-septiembre-brena-alta\/","og_site_name":"Aula Agraria Cabildo de La Palma","og_image":[{"width":1400,"height":2379,"url":"https:\/\/canalagrariolapalma.com\/aula\/wp-content\/uploads\/2024\/08\/cultivo-cafe.jpg","type":"image\/jpeg"}],"twitter_card":"summary_large_image","twitter_misc":{"Tiempo de lectura":"2 minutos"},"schema":{"@context":"https:\/\/schema.org","@graph":[{"@type":"WebPage","@id":"https:\/\/canalagrariolapalma.com\/aula\/curso\/curso-cultivo-ecologico-del-cafe-11-y-12-septiembre-brena-alta\/","url":"https:\/\/canalagrariolapalma.com\/aula\/curso\/curso-cultivo-ecologico-del-cafe-11-y-12-septiembre-brena-alta\/","name":"Curso \"Cultivo ecol\u00f3gico del caf\u00e9\" | 11 y 12 septiembre Bre\u00f1a Alta - Aula Agraria Cabildo de La Palma","isPartOf":{"@id":"https:\/\/canalagrariolapalma.com\/aula\/#website"},"primaryImageOfPage":{"@id":"https:\/\/canalagrariolapalma.com\/aula\/curso\/curso-cultivo-ecologico-del-cafe-11-y-12-septiembre-brena-alta\/#primaryimage"},"image":{"@id":"https:\/\/canalagrariolapalma.com\/aula\/curso\/curso-cultivo-ecologico-del-cafe-11-y-12-septiembre-brena-alta\/#primaryimage"},"thumbnailUrl":"https:\/\/canalagrariolapalma.com\/aula\/wp-content\/uploads\/2024\/08\/cultivo-cafe.jpg","datePublished":"2024-08-29T13:52:08+00:00","dateModified":"2024-08-29T13:52:08+00:00","breadcrumb":{"@id":"https:\/\/canalagrariolapalma.com\/aula\/curso\/curso-cultivo-ecologico-del-cafe-11-y-12-septiembre-brena-alta\/#breadcrumb"},"inLanguage":"es","potentialAction":[{"@type":"ReadAction","target":["https:\/\/canalagrariolapalma.com\/aula\/curso\/curso-cultivo-ecologico-del-cafe-11-y-12-septiembre-brena-alta\/"]}]},{"@type":"ImageObject","inLanguage":"es","@id":"https:\/\/canalagrariolapalma.com\/aula\/curso\/curso-cultivo-ecologico-del-cafe-11-y-12-septiembre-brena-alta\/#primaryimage","url":"https:\/\/canalagrariolapalma.com\/aula\/wp-content\/uploads\/2024\/08\/cultivo-cafe.jpg","contentUrl":"https:\/\/canalagrariolapalma.com\/aula\/wp-content\/uploads\/2024\/08\/cultivo-cafe.jpg","width":1400,"height":2379},{"@type":"BreadcrumbList","@id":"https:\/\/canalagrariolapalma.com\/aula\/curso\/curso-cultivo-ecologico-del-cafe-11-y-12-septiembre-brena-alta\/#breadcrumb","itemListElement":[{"@type":"ListItem","position":1,"name":"Portada","item":"https:\/\/canalagrariolapalma.com\/aula\/"},{"@type":"ListItem","position":2,"name":"Eventos","item":"https:\/\/canalagrariolapalma.com\/aula\/cursos\/"},{"@type":"ListItem","position":3,"name":"Curso \u00abCultivo ecol\u00f3gico del caf\u00e9\u00bb | 11 y 12 septiembre Bre\u00f1a Alta"}]},{"@type":"WebSite","@id":"https:\/\/canalagrariolapalma.com\/aula\/#website","url":"https:\/\/canalagrariolapalma.com\/aula\/","name":"Aula Agraria Cabildo de La Palma","description":"Cursos profesionales homologados. Consejer\u00eda de Agricultura, Ganader\u00eda y Pesca del Cabildo de La Palma","publisher":{"@id":"https:\/\/canalagrariolapalma.com\/aula\/#organization"},"potentialAction":[{"@type":"SearchAction","target":{"@type":"EntryPoint","urlTemplate":"https:\/\/canalagrariolapalma.com\/aula\/?s={search_term_string}"},"query-input":{"@type":"PropertyValueSpecification","valueRequired":true,"valueName":"search_term_string"}}],"inLanguage":"es"},{"@type":"Organization","@id":"https:\/\/canalagrariolapalma.com\/aula\/#organization","name":"Aula Agraria Cabildo de La Palma","url":"https:\/\/canalagrariolapalma.com\/aula\/","logo":{"@type":"ImageObject","inLanguage":"es","@id":"https:\/\/canalagrariolapalma.com\/aula\/#\/schema\/logo\/image\/","url":"https:\/\/canalagrariolapalma.com\/aula\/wp-content\/uploads\/2021\/01\/CABILDO-CONSEJERIA-AGRICULTURA.png","contentUrl":"https:\/\/canalagrariolapalma.com\/aula\/wp-content\/uploads\/2021\/01\/CABILDO-CONSEJERIA-AGRICULTURA.png","width":320,"height":172,"caption":"Aula Agraria Cabildo de La Palma"},"image":{"@id":"https:\/\/canalagrariolapalma.com\/aula\/#\/schema\/logo\/image\/"}}]}},"_links":{"self":[{"href":"https:\/\/canalagrariolapalma.com\/aula\/wp-json\/wp\/v2\/tribe_events\/1319"}],"collection":[{"href":"https:\/\/canalagrariolapalma.com\/aula\/wp-json\/wp\/v2\/tribe_events"}],"about":[{"href":"https:\/\/canalagrariolapalma.com\/aula\/wp-json\/wp\/v2\/types\/tribe_events"}],"author":[{"embeddable":true,"href":"https:\/\/canalagrariolapalma.com\/aula\/wp-json\/wp\/v2\/users\/3"}],"replies":[{"embeddable":true,"href":"https:\/\/canalagrariolapalma.com\/aula\/wp-json\/wp\/v2\/comments?post=1319"}],"version-history":[{"count":1,"href":"https:\/\/canalagrariolapalma.com\/aula\/wp-json\/wp\/v2\/tribe_events\/1319\/revisions"}],"predecessor-version":[{"id":1321,"href":"https:\/\/canalagrariolapalma.com\/aula\/wp-json\/wp\/v2\/tribe_events\/1319\/revisions\/1321"}],"wp:featuredmedia":[{"embeddable":true,"href":"https:\/\/canalagrariolapalma.com\/aula\/wp-json\/wp\/v2\/media\/1320"}],"wp:attachment":[{"href":"https:\/\/canalagrariolapalma.com\/aula\/wp-json\/wp\/v2\/media?parent=1319"}],"wp:term":[{"taxonomy":"post_tag","embeddable":true,"href":"https:\/\/canalagrariolapalma.com\/aula\/wp-json\/wp\/v2\/tags?post=1319"},{"taxonomy":"tribe_events_cat","embeddable":true,"href":"https:\/\/canalagrariolapalma.com\/aula\/wp-json\/wp\/v2\/tribe_events_cat?post=1319"}],"curies":[{"name":"wp","href":"https:\/\/api.w.org\/{rel}","templated":true}]}}