{"id":1288,"date":"2024-07-17T09:43:37","date_gmt":"2024-07-17T09:43:37","guid":{"rendered":"https:\/\/canalagrariolapalma.com\/aula\/?post_type=tribe_events&#038;p=1288"},"modified":"2024-07-17T09:55:08","modified_gmt":"2024-07-17T09:55:08","slug":"formacion-agricultura-ecologica","status":"publish","type":"tribe_events","link":"https:\/\/canalagrariolapalma.com\/aula\/curso\/formacion-agricultura-ecologica\/","title":{"rendered":"Formaci\u00f3n Agricultura Ecol\u00f3gica"},"content":{"rendered":"<p>La Fundaci\u00f3n Canaria Centro Internacional de Agricultura Biol\u00f3gica, CIAB organiza\u00a0la Formaci\u00f3n sobre Agricultura Ecol\u00f3gica.<\/p>\n<div>Ser\u00e1n dos formaci\u00f3n sobre \u201cAgricultura ecol\u00f3gica\u201d, una de nivel b\u00e1sico y otra de nivel avanzado, que tendr\u00e1n lugar en Barlovento e impartir\u00e1n Nayra Lorenzo y Paco Reyes.<\/div>\n<div><\/div>\n<div><strong>Lugar de celebraci\u00f3n<\/strong>: En el Centro de formaci\u00f3n Las Llanadas de Los Pajareros (Aula Taller PFAE Barlovento florece)<\/div>\n<div><\/div>\n<div><strong>29 y 30 de julio<\/strong><\/div>\n<div><\/div>\n<div>Taller b\u00e1sico: \u00abIntroducci\u00f3n a la Agricultura Ecol\u00f3gica\u00bb.\u00a0 Nayra Lorenzo. De 17 a 19:30 horas.<\/div>\n<div><\/div>\n<div><\/div>\n<div><strong>31 de julio y 1 de agosto<\/strong><\/div>\n<div><\/div>\n<div>Taller avanzado: \u00abAgroecolog\u00eda del suelo y su biota. Conocimientos esenciales pr\u00e1cticos\u00bb. Paco Reyes.\u00a0 De 17 a 19:30 horas.<\/div>\n<div><\/div>\n<div><\/div>\n<div><strong>Contenidos<\/strong>:<\/div>\n<div><\/div>\n<div>\u00a0 \u00a0 Agricultura Ecol\u00f3gica<\/div>\n<div>\u00a0 \u00a0 Bases de la Producci\u00f3n Ecol\u00f3gica<\/div>\n<div>\u00a0 \u00a0 Comercializaci\u00f3n en el mercado interior y exterior.<\/div>\n<div>\u00a0 \u00a0 Fundamentos y requisitos para la certificaci\u00f3n<\/div>\n<div>\u00a0 \u00a0 Nutrici\u00f3n del suelo<\/div>\n<div>\u00a0 \u00a0 Redes, asociaciones y recursos a nivel local y genera<\/div>\n<div>\u00a0 \u00a0 Funciones de los micro y macro organismos del suelo<\/div>\n<div>\u00a0 \u00a0 Bacterias, hongos y actinomicetes. artropodos y macros<\/div>\n<div>\u00a0 \u00a0 Labranza minima y manejo del suelo<\/div>\n<div>\u00a0 \u00a0 Textura y estructura de los suelos<\/div>\n<div>\u00a0 \u00a0 Medici\u00f3n de pH en campo y su importancia, con relaci\u00f3n a textura y estructura<\/div>\n<div>\u00a0 \u00a0 Diagn\u00f3stico en campo de la vida del suelo<\/div>\n<div><\/div>\n<a  itemprop=\"url\" href=\"https:\/\/form.jotform.com\/241842503046349\" target=\"_blank\"  class=\"qbutton  default\" style=\"\">INSCRIPCI\u00d3N GRATUITA<i class=\"qode_icon_font_awesome fa fa-pencil qode_button_icon_element\" style=\"\" ><\/i><\/a>\n<div><\/div>\n","protected":false},"excerpt":{"rendered":"<p>Ser\u00e1n dos formaci\u00f3n sobre \u201cAgricultura ecol\u00f3gica\u201d, una de nivel b\u00e1sico y otra de nivel avanzado, que tendr\u00e1n lugar en Barlovento e impartir\u00e1n Nayra Lorenzo y Paco Reyes.<\/p>\n","protected":false},"author":3,"featured_media":1289,"comment_status":"open","ping_status":"closed","template":"","meta":{"_tribe_events_status":"","_tribe_events_status_reason":""},"tags":[],"tribe_events_cat":[45],"yoast_head":"<!-- This site is optimized with the Yoast SEO plugin v23.5 - https:\/\/yoast.com\/wordpress\/plugins\/seo\/ -->\n<title>Formaci\u00f3n Agricultura Ecol\u00f3gica - Aula Agraria Cabildo de La Palma<\/title>\n<meta name=\"description\" content=\"Ser\u00e1n dos formaci\u00f3n sobre \u201cAgricultura ecol\u00f3gica\u201d, una de nivel b\u00e1sico y otra de nivel avanzado, que tendr\u00e1n lugar en Barlovento e impartir\u00e1n Nayra Lorenzo y Paco Reyes.\" \/>\n<meta name=\"robots\" content=\"index, follow, max-snippet:-1, max-image-preview:large, max-video-preview:-1\" \/>\n<link rel=\"canonical\" href=\"https:\/\/canalagrariolapalma.com\/aula\/curso\/formacion-agricultura-ecologica\/\" \/>\n<meta property=\"og:locale\" content=\"es_ES\" \/>\n<meta property=\"og:type\" content=\"article\" \/>\n<meta property=\"og:title\" content=\"Formaci\u00f3n Agricultura Ecol\u00f3gica - Aula Agraria Cabildo de La Palma\" \/>\n<meta property=\"og:description\" content=\"Ser\u00e1n dos formaci\u00f3n sobre \u201cAgricultura ecol\u00f3gica\u201d, una de nivel b\u00e1sico y otra de nivel avanzado, que tendr\u00e1n lugar en Barlovento e impartir\u00e1n Nayra Lorenzo y Paco Reyes.\" \/>\n<meta property=\"og:url\" content=\"https:\/\/canalagrariolapalma.com\/aula\/curso\/formacion-agricultura-ecologica\/\" \/>\n<meta property=\"og:site_name\" content=\"Aula Agraria Cabildo de La Palma\" \/>\n<meta property=\"article:modified_time\" content=\"2024-07-17T09:55:08+00:00\" \/>\n<meta property=\"og:image\" content=\"https:\/\/canalagrariolapalma.com\/aula\/wp-content\/uploads\/2024\/07\/2024.07.29-agricultura-ecologica-barlovento.jpg\" \/>\n\t<meta property=\"og:image:width\" content=\"1400\" \/>\n\t<meta property=\"og:image:height\" content=\"1979\" \/>\n\t<meta property=\"og:image:type\" content=\"image\/jpeg\" \/>\n<meta name=\"twitter:card\" content=\"summary_large_image\" \/>\n<meta name=\"twitter:label1\" content=\"Tiempo de lectura\" \/>\n\t<meta name=\"twitter:data1\" content=\"2 minutos\" \/>\n<script type=\"application\/ld+json\" class=\"yoast-schema-graph\">{\"@context\":\"https:\/\/schema.org\",\"@graph\":[{\"@type\":\"WebPage\",\"@id\":\"https:\/\/canalagrariolapalma.com\/aula\/curso\/formacion-agricultura-ecologica\/\",\"url\":\"https:\/\/canalagrariolapalma.com\/aula\/curso\/formacion-agricultura-ecologica\/\",\"name\":\"Formaci\u00f3n Agricultura Ecol\u00f3gica - Aula Agraria Cabildo de La Palma\",\"isPartOf\":{\"@id\":\"https:\/\/canalagrariolapalma.com\/aula\/#website\"},\"primaryImageOfPage\":{\"@id\":\"https:\/\/canalagrariolapalma.com\/aula\/curso\/formacion-agricultura-ecologica\/#primaryimage\"},\"image\":{\"@id\":\"https:\/\/canalagrariolapalma.com\/aula\/curso\/formacion-agricultura-ecologica\/#primaryimage\"},\"thumbnailUrl\":\"https:\/\/canalagrariolapalma.com\/aula\/wp-content\/uploads\/2024\/07\/2024.07.29-agricultura-ecologica-barlovento.jpg\",\"datePublished\":\"2024-07-17T09:43:37+00:00\",\"dateModified\":\"2024-07-17T09:55:08+00:00\",\"description\":\"Ser\u00e1n dos formaci\u00f3n sobre \u201cAgricultura ecol\u00f3gica\u201d, una de nivel b\u00e1sico y otra de nivel avanzado, que tendr\u00e1n lugar en Barlovento e impartir\u00e1n Nayra Lorenzo y Paco Reyes.\",\"breadcrumb\":{\"@id\":\"https:\/\/canalagrariolapalma.com\/aula\/curso\/formacion-agricultura-ecologica\/#breadcrumb\"},\"inLanguage\":\"es\",\"potentialAction\":[{\"@type\":\"ReadAction\",\"target\":[\"https:\/\/canalagrariolapalma.com\/aula\/curso\/formacion-agricultura-ecologica\/\"]}]},{\"@type\":\"ImageObject\",\"inLanguage\":\"es\",\"@id\":\"https:\/\/canalagrariolapalma.com\/aula\/curso\/formacion-agricultura-ecologica\/#primaryimage\",\"url\":\"https:\/\/canalagrariolapalma.com\/aula\/wp-content\/uploads\/2024\/07\/2024.07.29-agricultura-ecologica-barlovento.jpg\",\"contentUrl\":\"https:\/\/canalagrariolapalma.com\/aula\/wp-content\/uploads\/2024\/07\/2024.07.29-agricultura-ecologica-barlovento.jpg\",\"width\":1400,\"height\":1979},{\"@type\":\"BreadcrumbList\",\"@id\":\"https:\/\/canalagrariolapalma.com\/aula\/curso\/formacion-agricultura-ecologica\/#breadcrumb\",\"itemListElement\":[{\"@type\":\"ListItem\",\"position\":1,\"name\":\"Portada\",\"item\":\"https:\/\/canalagrariolapalma.com\/aula\/\"},{\"@type\":\"ListItem\",\"position\":2,\"name\":\"Eventos\",\"item\":\"https:\/\/canalagrariolapalma.com\/aula\/cursos\/\"},{\"@type\":\"ListItem\",\"position\":3,\"name\":\"Formaci\u00f3n Agricultura Ecol\u00f3gica\"}]},{\"@type\":\"WebSite\",\"@id\":\"https:\/\/canalagrariolapalma.com\/aula\/#website\",\"url\":\"https:\/\/canalagrariolapalma.com\/aula\/\",\"name\":\"Aula Agraria Cabildo de La Palma\",\"description\":\"Cursos profesionales homologados. Consejer\u00eda de Agricultura, Ganader\u00eda y Pesca del Cabildo de La Palma\",\"publisher\":{\"@id\":\"https:\/\/canalagrariolapalma.com\/aula\/#organization\"},\"potentialAction\":[{\"@type\":\"SearchAction\",\"target\":{\"@type\":\"EntryPoint\",\"urlTemplate\":\"https:\/\/canalagrariolapalma.com\/aula\/?s={search_term_string}\"},\"query-input\":{\"@type\":\"PropertyValueSpecification\",\"valueRequired\":true,\"valueName\":\"search_term_string\"}}],\"inLanguage\":\"es\"},{\"@type\":\"Organization\",\"@id\":\"https:\/\/canalagrariolapalma.com\/aula\/#organization\",\"name\":\"Aula Agraria Cabildo de La Palma\",\"url\":\"https:\/\/canalagrariolapalma.com\/aula\/\",\"logo\":{\"@type\":\"ImageObject\",\"inLanguage\":\"es\",\"@id\":\"https:\/\/canalagrariolapalma.com\/aula\/#\/schema\/logo\/image\/\",\"url\":\"https:\/\/canalagrariolapalma.com\/aula\/wp-content\/uploads\/2021\/01\/CABILDO-CONSEJERIA-AGRICULTURA.png\",\"contentUrl\":\"https:\/\/canalagrariolapalma.com\/aula\/wp-content\/uploads\/2021\/01\/CABILDO-CONSEJERIA-AGRICULTURA.png\",\"width\":320,\"height\":172,\"caption\":\"Aula Agraria Cabildo de La Palma\"},\"image\":{\"@id\":\"https:\/\/canalagrariolapalma.com\/aula\/#\/schema\/logo\/image\/\"}}]}<\/script>\n<!-- \/ Yoast SEO plugin. -->","yoast_head_json":{"title":"Formaci\u00f3n Agricultura Ecol\u00f3gica - Aula Agraria Cabildo de La Palma","description":"Ser\u00e1n dos formaci\u00f3n sobre \u201cAgricultura ecol\u00f3gica\u201d, una de nivel b\u00e1sico y otra de nivel avanzado, que tendr\u00e1n lugar en Barlovento e impartir\u00e1n Nayra Lorenzo y Paco Reyes.","robots":{"index":"index","follow":"follow","max-snippet":"max-snippet:-1","max-image-preview":"max-image-preview:large","max-video-preview":"max-video-preview:-1"},"canonical":"https:\/\/canalagrariolapalma.com\/aula\/curso\/formacion-agricultura-ecologica\/","og_locale":"es_ES","og_type":"article","og_title":"Formaci\u00f3n Agricultura Ecol\u00f3gica - Aula Agraria Cabildo de La Palma","og_description":"Ser\u00e1n dos formaci\u00f3n sobre \u201cAgricultura ecol\u00f3gica\u201d, una de nivel b\u00e1sico y otra de nivel avanzado, que tendr\u00e1n lugar en Barlovento e impartir\u00e1n Nayra Lorenzo y Paco Reyes.","og_url":"https:\/\/canalagrariolapalma.com\/aula\/curso\/formacion-agricultura-ecologica\/","og_site_name":"Aula Agraria Cabildo de La Palma","article_modified_time":"2024-07-17T09:55:08+00:00","og_image":[{"width":1400,"height":1979,"url":"https:\/\/canalagrariolapalma.com\/aula\/wp-content\/uploads\/2024\/07\/2024.07.29-agricultura-ecologica-barlovento.jpg","type":"image\/jpeg"}],"twitter_card":"summary_large_image","twitter_misc":{"Tiempo de lectura":"2 minutos"},"schema":{"@context":"https:\/\/schema.org","@graph":[{"@type":"WebPage","@id":"https:\/\/canalagrariolapalma.com\/aula\/curso\/formacion-agricultura-ecologica\/","url":"https:\/\/canalagrariolapalma.com\/aula\/curso\/formacion-agricultura-ecologica\/","name":"Formaci\u00f3n Agricultura Ecol\u00f3gica - Aula Agraria Cabildo de La Palma","isPartOf":{"@id":"https:\/\/canalagrariolapalma.com\/aula\/#website"},"primaryImageOfPage":{"@id":"https:\/\/canalagrariolapalma.com\/aula\/curso\/formacion-agricultura-ecologica\/#primaryimage"},"image":{"@id":"https:\/\/canalagrariolapalma.com\/aula\/curso\/formacion-agricultura-ecologica\/#primaryimage"},"thumbnailUrl":"https:\/\/canalagrariolapalma.com\/aula\/wp-content\/uploads\/2024\/07\/2024.07.29-agricultura-ecologica-barlovento.jpg","datePublished":"2024-07-17T09:43:37+00:00","dateModified":"2024-07-17T09:55:08+00:00","description":"Ser\u00e1n dos formaci\u00f3n sobre \u201cAgricultura ecol\u00f3gica\u201d, una de nivel b\u00e1sico y otra de nivel avanzado, que tendr\u00e1n lugar en Barlovento e impartir\u00e1n Nayra Lorenzo y Paco Reyes.","breadcrumb":{"@id":"https:\/\/canalagrariolapalma.com\/aula\/curso\/formacion-agricultura-ecologica\/#breadcrumb"},"inLanguage":"es","potentialAction":[{"@type":"ReadAction","target":["https:\/\/canalagrariolapalma.com\/aula\/curso\/formacion-agricultura-ecologica\/"]}]},{"@type":"ImageObject","inLanguage":"es","@id":"https:\/\/canalagrariolapalma.com\/aula\/curso\/formacion-agricultura-ecologica\/#primaryimage","url":"https:\/\/canalagrariolapalma.com\/aula\/wp-content\/uploads\/2024\/07\/2024.07.29-agricultura-ecologica-barlovento.jpg","contentUrl":"https:\/\/canalagrariolapalma.com\/aula\/wp-content\/uploads\/2024\/07\/2024.07.29-agricultura-ecologica-barlovento.jpg","width":1400,"height":1979},{"@type":"BreadcrumbList","@id":"https:\/\/canalagrariolapalma.com\/aula\/curso\/formacion-agricultura-ecologica\/#breadcrumb","itemListElement":[{"@type":"ListItem","position":1,"name":"Portada","item":"https:\/\/canalagrariolapalma.com\/aula\/"},{"@type":"ListItem","position":2,"name":"Eventos","item":"https:\/\/canalagrariolapalma.com\/aula\/cursos\/"},{"@type":"ListItem","position":3,"name":"Formaci\u00f3n Agricultura Ecol\u00f3gica"}]},{"@type":"WebSite","@id":"https:\/\/canalagrariolapalma.com\/aula\/#website","url":"https:\/\/canalagrariolapalma.com\/aula\/","name":"Aula Agraria Cabildo de La Palma","description":"Cursos profesionales homologados. Consejer\u00eda de Agricultura, Ganader\u00eda y Pesca del Cabildo de La Palma","publisher":{"@id":"https:\/\/canalagrariolapalma.com\/aula\/#organization"},"potentialAction":[{"@type":"SearchAction","target":{"@type":"EntryPoint","urlTemplate":"https:\/\/canalagrariolapalma.com\/aula\/?s={search_term_string}"},"query-input":{"@type":"PropertyValueSpecification","valueRequired":true,"valueName":"search_term_string"}}],"inLanguage":"es"},{"@type":"Organization","@id":"https:\/\/canalagrariolapalma.com\/aula\/#organization","name":"Aula Agraria Cabildo de La Palma","url":"https:\/\/canalagrariolapalma.com\/aula\/","logo":{"@type":"ImageObject","inLanguage":"es","@id":"https:\/\/canalagrariolapalma.com\/aula\/#\/schema\/logo\/image\/","url":"https:\/\/canalagrariolapalma.com\/aula\/wp-content\/uploads\/2021\/01\/CABILDO-CONSEJERIA-AGRICULTURA.png","contentUrl":"https:\/\/canalagrariolapalma.com\/aula\/wp-content\/uploads\/2021\/01\/CABILDO-CONSEJERIA-AGRICULTURA.png","width":320,"height":172,"caption":"Aula Agraria Cabildo de La Palma"},"image":{"@id":"https:\/\/canalagrariolapalma.com\/aula\/#\/schema\/logo\/image\/"}}]}},"_links":{"self":[{"href":"https:\/\/canalagrariolapalma.com\/aula\/wp-json\/wp\/v2\/tribe_events\/1288"}],"collection":[{"href":"https:\/\/canalagrariolapalma.com\/aula\/wp-json\/wp\/v2\/tribe_events"}],"about":[{"href":"https:\/\/canalagrariolapalma.com\/aula\/wp-json\/wp\/v2\/types\/tribe_events"}],"author":[{"embeddable":true,"href":"https:\/\/canalagrariolapalma.com\/aula\/wp-json\/wp\/v2\/users\/3"}],"replies":[{"embeddable":true,"href":"https:\/\/canalagrariolapalma.com\/aula\/wp-json\/wp\/v2\/comments?post=1288"}],"version-history":[{"count":3,"href":"https:\/\/canalagrariolapalma.com\/aula\/wp-json\/wp\/v2\/tribe_events\/1288\/revisions"}],"predecessor-version":[{"id":1293,"href":"https:\/\/canalagrariolapalma.com\/aula\/wp-json\/wp\/v2\/tribe_events\/1288\/revisions\/1293"}],"wp:featuredmedia":[{"embeddable":true,"href":"https:\/\/canalagrariolapalma.com\/aula\/wp-json\/wp\/v2\/media\/1289"}],"wp:attachment":[{"href":"https:\/\/canalagrariolapalma.com\/aula\/wp-json\/wp\/v2\/media?parent=1288"}],"wp:term":[{"taxonomy":"post_tag","embeddable":true,"href":"https:\/\/canalagrariolapalma.com\/aula\/wp-json\/wp\/v2\/tags?post=1288"},{"taxonomy":"tribe_events_cat","embeddable":true,"href":"https:\/\/canalagrariolapalma.com\/aula\/wp-json\/wp\/v2\/tribe_events_cat?post=1288"}],"curies":[{"name":"wp","href":"https:\/\/api.w.org\/{rel}","templated":true}]}}