{"id":1276,"date":"2024-07-02T09:11:31","date_gmt":"2024-07-02T09:11:31","guid":{"rendered":"https:\/\/canalagrariolapalma.com\/aula\/?post_type=tribe_events&#038;p=1276"},"modified":"2024-07-02T09:16:15","modified_gmt":"2024-07-02T09:16:15","slug":"jornada-biodiversidad-vegetal-como-herramienta-para-el-control-de-plagas","status":"publish","type":"tribe_events","link":"https:\/\/canalagrariolapalma.com\/aula\/curso\/jornada-biodiversidad-vegetal-como-herramienta-para-el-control-de-plagas\/","title":{"rendered":"Jornada: Biodiversidad vegetal como herramienta para el control\u00a0de\u00a0plagas"},"content":{"rendered":"<p>La Fundaci\u00f3n Canaria Centro Internacional de Agricultura Biol\u00f3gica, CIAB, en colaboraci\u00f3n con el Instituto Canario de Investigaciones Agrarias, ICIA, organiza la \u00abJornada: Biodiversidad vegetal como herramienta para el control de plagas\u00bb, que tendr\u00e1 lugar el 18 de julio de 17:00 a 19:30 horas en el Museo Arqueol\u00f3gico Benahoarita (MAB) en Los Llanos de Aridane.<\/p>\n<p>CONTENIDO:<\/p>\n<p>Enemigos naturales reguladores de plagas<br \/>\nEstrategias de liberaci\u00f3n y conservaci\u00f3n<br \/>\nDise\u00f1o y gesti\u00f3n de infraestructuras ecol\u00f3gicas<br \/>\nCat\u00e1logo de especies vegetales<\/p>\n<p>PONENTES:<\/p>\n<p>Estrella M. Hern\u00e1ndez Su\u00e1rez: Investigadora de la Unidad de Protecci\u00f3n Vegetal del ICIA<br \/>\nNancy Montero G\u00f3mez: Colaboradora de investigaci\u00f3n de la Unidad de Protecci\u00f3n Vegetal\u00a0del\u00a0ICIA.<\/p>\n<p style=\"text-align: center;\"><a href=\"https:\/\/form.jotform.com\/241772668881370\" target=\"_blank\" rel=\"noopener\"><strong>INSCRIPCI\u00d3N<\/strong><\/a><\/p>\n<p>&nbsp;<\/p>\n<p><img loading=\"lazy\" decoding=\"async\" class=\"aligncenter wp-image-1278 size-large\" src=\"https:\/\/canalagrariolapalma.com\/aula\/wp-content\/uploads\/2024\/07\/biodiversidad-vegetal-725x1024.jpg\" alt=\"\" width=\"725\" height=\"1024\" srcset=\"https:\/\/canalagrariolapalma.com\/aula\/wp-content\/uploads\/2024\/07\/biodiversidad-vegetal-725x1024.jpg 725w, https:\/\/canalagrariolapalma.com\/aula\/wp-content\/uploads\/2024\/07\/biodiversidad-vegetal-212x300.jpg 212w, https:\/\/canalagrariolapalma.com\/aula\/wp-content\/uploads\/2024\/07\/biodiversidad-vegetal-768x1085.jpg 768w, https:\/\/canalagrariolapalma.com\/aula\/wp-content\/uploads\/2024\/07\/biodiversidad-vegetal-1087x1536.jpg 1087w, https:\/\/canalagrariolapalma.com\/aula\/wp-content\/uploads\/2024\/07\/biodiversidad-vegetal-700x989.jpg 700w, https:\/\/canalagrariolapalma.com\/aula\/wp-content\/uploads\/2024\/07\/biodiversidad-vegetal.jpg 1241w\" sizes=\"(max-width: 725px) 100vw, 725px\" \/><\/p>\n","protected":false},"excerpt":{"rendered":"<p>Organizan La Fundaci\u00f3n Canaria Centro Internacional de Agricultura Biol\u00f3gica, CIAB y el Instituto Canario de Investigaciones Agrarias, ICIA<\/p>\n","protected":false},"author":3,"featured_media":1278,"comment_status":"open","ping_status":"closed","template":"","meta":{"_tribe_events_status":"","_tribe_events_status_reason":""},"tags":[],"tribe_events_cat":[45],"yoast_head":"<!-- This site is optimized with the Yoast SEO plugin v23.5 - https:\/\/yoast.com\/wordpress\/plugins\/seo\/ -->\n<title>Jornada: Biodiversidad vegetal como herramienta para el control\u00a0de\u00a0plagas - Aula Agraria Cabildo de La Palma<\/title>\n<meta name=\"robots\" content=\"index, follow, max-snippet:-1, max-image-preview:large, max-video-preview:-1\" \/>\n<link rel=\"canonical\" href=\"https:\/\/canalagrariolapalma.com\/aula\/curso\/jornada-biodiversidad-vegetal-como-herramienta-para-el-control-de-plagas\/\" \/>\n<meta property=\"og:locale\" content=\"es_ES\" \/>\n<meta property=\"og:type\" content=\"article\" \/>\n<meta property=\"og:title\" content=\"Jornada: Biodiversidad vegetal como herramienta para el control\u00a0de\u00a0plagas\" \/>\n<meta property=\"og:description\" content=\"Organizan La Fundaci\u00f3n Canaria Centro Internacional de Agricultura Biol\u00f3gica, CIAB y el Instituto Canario de Investigaciones Agrarias, ICIA\" \/>\n<meta property=\"og:url\" content=\"https:\/\/canalagrariolapalma.com\/aula\/curso\/jornada-biodiversidad-vegetal-como-herramienta-para-el-control-de-plagas\/\" \/>\n<meta property=\"og:site_name\" content=\"Aula Agraria Cabildo de La Palma\" \/>\n<meta property=\"article:modified_time\" content=\"2024-07-02T09:16:15+00:00\" \/>\n<meta property=\"og:image\" content=\"https:\/\/canalagrariolapalma.com\/aula\/wp-content\/uploads\/2024\/07\/biodiversidad-vegetal.jpg\" \/>\n\t<meta property=\"og:image:width\" content=\"1241\" \/>\n\t<meta property=\"og:image:height\" content=\"1754\" \/>\n\t<meta property=\"og:image:type\" content=\"image\/jpeg\" \/>\n<meta name=\"twitter:card\" content=\"summary_large_image\" \/>\n<meta name=\"twitter:label1\" content=\"Tiempo de lectura\" \/>\n\t<meta name=\"twitter:data1\" content=\"1 minuto\" \/>\n<script type=\"application\/ld+json\" class=\"yoast-schema-graph\">{\"@context\":\"https:\/\/schema.org\",\"@graph\":[{\"@type\":\"WebPage\",\"@id\":\"https:\/\/canalagrariolapalma.com\/aula\/curso\/jornada-biodiversidad-vegetal-como-herramienta-para-el-control-de-plagas\/\",\"url\":\"https:\/\/canalagrariolapalma.com\/aula\/curso\/jornada-biodiversidad-vegetal-como-herramienta-para-el-control-de-plagas\/\",\"name\":\"Jornada: Biodiversidad vegetal como herramienta para el control\u00a0de\u00a0plagas - Aula Agraria Cabildo de La Palma\",\"isPartOf\":{\"@id\":\"https:\/\/canalagrariolapalma.com\/aula\/#website\"},\"primaryImageOfPage\":{\"@id\":\"https:\/\/canalagrariolapalma.com\/aula\/curso\/jornada-biodiversidad-vegetal-como-herramienta-para-el-control-de-plagas\/#primaryimage\"},\"image\":{\"@id\":\"https:\/\/canalagrariolapalma.com\/aula\/curso\/jornada-biodiversidad-vegetal-como-herramienta-para-el-control-de-plagas\/#primaryimage\"},\"thumbnailUrl\":\"https:\/\/canalagrariolapalma.com\/aula\/wp-content\/uploads\/2024\/07\/biodiversidad-vegetal.jpg\",\"datePublished\":\"2024-07-02T09:11:31+00:00\",\"dateModified\":\"2024-07-02T09:16:15+00:00\",\"breadcrumb\":{\"@id\":\"https:\/\/canalagrariolapalma.com\/aula\/curso\/jornada-biodiversidad-vegetal-como-herramienta-para-el-control-de-plagas\/#breadcrumb\"},\"inLanguage\":\"es\",\"potentialAction\":[{\"@type\":\"ReadAction\",\"target\":[\"https:\/\/canalagrariolapalma.com\/aula\/curso\/jornada-biodiversidad-vegetal-como-herramienta-para-el-control-de-plagas\/\"]}]},{\"@type\":\"ImageObject\",\"inLanguage\":\"es\",\"@id\":\"https:\/\/canalagrariolapalma.com\/aula\/curso\/jornada-biodiversidad-vegetal-como-herramienta-para-el-control-de-plagas\/#primaryimage\",\"url\":\"https:\/\/canalagrariolapalma.com\/aula\/wp-content\/uploads\/2024\/07\/biodiversidad-vegetal.jpg\",\"contentUrl\":\"https:\/\/canalagrariolapalma.com\/aula\/wp-content\/uploads\/2024\/07\/biodiversidad-vegetal.jpg\",\"width\":1241,\"height\":1754},{\"@type\":\"BreadcrumbList\",\"@id\":\"https:\/\/canalagrariolapalma.com\/aula\/curso\/jornada-biodiversidad-vegetal-como-herramienta-para-el-control-de-plagas\/#breadcrumb\",\"itemListElement\":[{\"@type\":\"ListItem\",\"position\":1,\"name\":\"Portada\",\"item\":\"https:\/\/canalagrariolapalma.com\/aula\/\"},{\"@type\":\"ListItem\",\"position\":2,\"name\":\"Eventos\",\"item\":\"https:\/\/canalagrariolapalma.com\/aula\/cursos\/\"},{\"@type\":\"ListItem\",\"position\":3,\"name\":\"Jornada: Biodiversidad vegetal como herramienta para el control\u00a0de\u00a0plagas\"}]},{\"@type\":\"WebSite\",\"@id\":\"https:\/\/canalagrariolapalma.com\/aula\/#website\",\"url\":\"https:\/\/canalagrariolapalma.com\/aula\/\",\"name\":\"Aula Agraria Cabildo de La Palma\",\"description\":\"Cursos profesionales homologados. Consejer\u00eda de Agricultura, Ganader\u00eda y Pesca del Cabildo de La Palma\",\"publisher\":{\"@id\":\"https:\/\/canalagrariolapalma.com\/aula\/#organization\"},\"potentialAction\":[{\"@type\":\"SearchAction\",\"target\":{\"@type\":\"EntryPoint\",\"urlTemplate\":\"https:\/\/canalagrariolapalma.com\/aula\/?s={search_term_string}\"},\"query-input\":{\"@type\":\"PropertyValueSpecification\",\"valueRequired\":true,\"valueName\":\"search_term_string\"}}],\"inLanguage\":\"es\"},{\"@type\":\"Organization\",\"@id\":\"https:\/\/canalagrariolapalma.com\/aula\/#organization\",\"name\":\"Aula Agraria Cabildo de La Palma\",\"url\":\"https:\/\/canalagrariolapalma.com\/aula\/\",\"logo\":{\"@type\":\"ImageObject\",\"inLanguage\":\"es\",\"@id\":\"https:\/\/canalagrariolapalma.com\/aula\/#\/schema\/logo\/image\/\",\"url\":\"https:\/\/canalagrariolapalma.com\/aula\/wp-content\/uploads\/2021\/01\/CABILDO-CONSEJERIA-AGRICULTURA.png\",\"contentUrl\":\"https:\/\/canalagrariolapalma.com\/aula\/wp-content\/uploads\/2021\/01\/CABILDO-CONSEJERIA-AGRICULTURA.png\",\"width\":320,\"height\":172,\"caption\":\"Aula Agraria Cabildo de La Palma\"},\"image\":{\"@id\":\"https:\/\/canalagrariolapalma.com\/aula\/#\/schema\/logo\/image\/\"}}]}<\/script>\n<!-- \/ Yoast SEO plugin. -->","yoast_head_json":{"title":"Jornada: Biodiversidad vegetal como herramienta para el control\u00a0de\u00a0plagas - Aula Agraria Cabildo de La Palma","robots":{"index":"index","follow":"follow","max-snippet":"max-snippet:-1","max-image-preview":"max-image-preview:large","max-video-preview":"max-video-preview:-1"},"canonical":"https:\/\/canalagrariolapalma.com\/aula\/curso\/jornada-biodiversidad-vegetal-como-herramienta-para-el-control-de-plagas\/","og_locale":"es_ES","og_type":"article","og_title":"Jornada: Biodiversidad vegetal como herramienta para el control\u00a0de\u00a0plagas","og_description":"Organizan La Fundaci\u00f3n Canaria Centro Internacional de Agricultura Biol\u00f3gica, CIAB y el Instituto Canario de Investigaciones Agrarias, ICIA","og_url":"https:\/\/canalagrariolapalma.com\/aula\/curso\/jornada-biodiversidad-vegetal-como-herramienta-para-el-control-de-plagas\/","og_site_name":"Aula Agraria Cabildo de La Palma","article_modified_time":"2024-07-02T09:16:15+00:00","og_image":[{"width":1241,"height":1754,"url":"https:\/\/canalagrariolapalma.com\/aula\/wp-content\/uploads\/2024\/07\/biodiversidad-vegetal.jpg","type":"image\/jpeg"}],"twitter_card":"summary_large_image","twitter_misc":{"Tiempo de lectura":"1 minuto"},"schema":{"@context":"https:\/\/schema.org","@graph":[{"@type":"WebPage","@id":"https:\/\/canalagrariolapalma.com\/aula\/curso\/jornada-biodiversidad-vegetal-como-herramienta-para-el-control-de-plagas\/","url":"https:\/\/canalagrariolapalma.com\/aula\/curso\/jornada-biodiversidad-vegetal-como-herramienta-para-el-control-de-plagas\/","name":"Jornada: Biodiversidad vegetal como herramienta para el control\u00a0de\u00a0plagas - Aula Agraria Cabildo de La Palma","isPartOf":{"@id":"https:\/\/canalagrariolapalma.com\/aula\/#website"},"primaryImageOfPage":{"@id":"https:\/\/canalagrariolapalma.com\/aula\/curso\/jornada-biodiversidad-vegetal-como-herramienta-para-el-control-de-plagas\/#primaryimage"},"image":{"@id":"https:\/\/canalagrariolapalma.com\/aula\/curso\/jornada-biodiversidad-vegetal-como-herramienta-para-el-control-de-plagas\/#primaryimage"},"thumbnailUrl":"https:\/\/canalagrariolapalma.com\/aula\/wp-content\/uploads\/2024\/07\/biodiversidad-vegetal.jpg","datePublished":"2024-07-02T09:11:31+00:00","dateModified":"2024-07-02T09:16:15+00:00","breadcrumb":{"@id":"https:\/\/canalagrariolapalma.com\/aula\/curso\/jornada-biodiversidad-vegetal-como-herramienta-para-el-control-de-plagas\/#breadcrumb"},"inLanguage":"es","potentialAction":[{"@type":"ReadAction","target":["https:\/\/canalagrariolapalma.com\/aula\/curso\/jornada-biodiversidad-vegetal-como-herramienta-para-el-control-de-plagas\/"]}]},{"@type":"ImageObject","inLanguage":"es","@id":"https:\/\/canalagrariolapalma.com\/aula\/curso\/jornada-biodiversidad-vegetal-como-herramienta-para-el-control-de-plagas\/#primaryimage","url":"https:\/\/canalagrariolapalma.com\/aula\/wp-content\/uploads\/2024\/07\/biodiversidad-vegetal.jpg","contentUrl":"https:\/\/canalagrariolapalma.com\/aula\/wp-content\/uploads\/2024\/07\/biodiversidad-vegetal.jpg","width":1241,"height":1754},{"@type":"BreadcrumbList","@id":"https:\/\/canalagrariolapalma.com\/aula\/curso\/jornada-biodiversidad-vegetal-como-herramienta-para-el-control-de-plagas\/#breadcrumb","itemListElement":[{"@type":"ListItem","position":1,"name":"Portada","item":"https:\/\/canalagrariolapalma.com\/aula\/"},{"@type":"ListItem","position":2,"name":"Eventos","item":"https:\/\/canalagrariolapalma.com\/aula\/cursos\/"},{"@type":"ListItem","position":3,"name":"Jornada: Biodiversidad vegetal como herramienta para el control\u00a0de\u00a0plagas"}]},{"@type":"WebSite","@id":"https:\/\/canalagrariolapalma.com\/aula\/#website","url":"https:\/\/canalagrariolapalma.com\/aula\/","name":"Aula Agraria Cabildo de La Palma","description":"Cursos profesionales homologados. Consejer\u00eda de Agricultura, Ganader\u00eda y Pesca del Cabildo de La Palma","publisher":{"@id":"https:\/\/canalagrariolapalma.com\/aula\/#organization"},"potentialAction":[{"@type":"SearchAction","target":{"@type":"EntryPoint","urlTemplate":"https:\/\/canalagrariolapalma.com\/aula\/?s={search_term_string}"},"query-input":{"@type":"PropertyValueSpecification","valueRequired":true,"valueName":"search_term_string"}}],"inLanguage":"es"},{"@type":"Organization","@id":"https:\/\/canalagrariolapalma.com\/aula\/#organization","name":"Aula Agraria Cabildo de La Palma","url":"https:\/\/canalagrariolapalma.com\/aula\/","logo":{"@type":"ImageObject","inLanguage":"es","@id":"https:\/\/canalagrariolapalma.com\/aula\/#\/schema\/logo\/image\/","url":"https:\/\/canalagrariolapalma.com\/aula\/wp-content\/uploads\/2021\/01\/CABILDO-CONSEJERIA-AGRICULTURA.png","contentUrl":"https:\/\/canalagrariolapalma.com\/aula\/wp-content\/uploads\/2021\/01\/CABILDO-CONSEJERIA-AGRICULTURA.png","width":320,"height":172,"caption":"Aula Agraria Cabildo de La Palma"},"image":{"@id":"https:\/\/canalagrariolapalma.com\/aula\/#\/schema\/logo\/image\/"}}]}},"_links":{"self":[{"href":"https:\/\/canalagrariolapalma.com\/aula\/wp-json\/wp\/v2\/tribe_events\/1276"}],"collection":[{"href":"https:\/\/canalagrariolapalma.com\/aula\/wp-json\/wp\/v2\/tribe_events"}],"about":[{"href":"https:\/\/canalagrariolapalma.com\/aula\/wp-json\/wp\/v2\/types\/tribe_events"}],"author":[{"embeddable":true,"href":"https:\/\/canalagrariolapalma.com\/aula\/wp-json\/wp\/v2\/users\/3"}],"replies":[{"embeddable":true,"href":"https:\/\/canalagrariolapalma.com\/aula\/wp-json\/wp\/v2\/comments?post=1276"}],"version-history":[{"count":1,"href":"https:\/\/canalagrariolapalma.com\/aula\/wp-json\/wp\/v2\/tribe_events\/1276\/revisions"}],"predecessor-version":[{"id":1279,"href":"https:\/\/canalagrariolapalma.com\/aula\/wp-json\/wp\/v2\/tribe_events\/1276\/revisions\/1279"}],"wp:featuredmedia":[{"embeddable":true,"href":"https:\/\/canalagrariolapalma.com\/aula\/wp-json\/wp\/v2\/media\/1278"}],"wp:attachment":[{"href":"https:\/\/canalagrariolapalma.com\/aula\/wp-json\/wp\/v2\/media?parent=1276"}],"wp:term":[{"taxonomy":"post_tag","embeddable":true,"href":"https:\/\/canalagrariolapalma.com\/aula\/wp-json\/wp\/v2\/tags?post=1276"},{"taxonomy":"tribe_events_cat","embeddable":true,"href":"https:\/\/canalagrariolapalma.com\/aula\/wp-json\/wp\/v2\/tribe_events_cat?post=1276"}],"curies":[{"name":"wp","href":"https:\/\/api.w.org\/{rel}","templated":true}]}}