{"id":1219,"date":"2024-05-06T08:55:08","date_gmt":"2024-05-06T08:55:08","guid":{"rendered":"https:\/\/canalagrariolapalma.com\/aula\/?post_type=tribe_events&#038;p=1219"},"modified":"2024-05-02T09:21:31","modified_gmt":"2024-05-02T09:21:31","slug":"curso-deshijado-de-la-platanera","status":"publish","type":"tribe_events","link":"https:\/\/canalagrariolapalma.com\/aula\/curso\/curso-deshijado-de-la-platanera\/","title":{"rendered":"Curso Deshijado de la platanera"},"content":{"rendered":"<p>El Servicio de Agricultura, Ganader\u00eda, Pesca y Soberan\u00eda Alimentaria del Cabildo Insular de La Palma organiza el martes, 14 de mayo, un curso sobre deshijado de la platanera.<\/p>\n<p>Se celebra en la Finca Los Roques (Costa de Puntallana) <a href=\"https:\/\/www.google.com\/maps\/place\/28%C2%B044'36.4%22N+17%C2%B043'54.7%22W\/@28.7434385,-17.7344416,808m\/data=!3m2!1e3!4b1!4m4!3m3!8m2!3d28.7434385!4d-17.7318613?entry=ttu\" target=\"_blank\" rel=\"noopener\">Consultar ubicaci\u00f3n<\/a><br \/>\nPrimer grupo: de 16 a 17:45 horas.<br \/>\nSegundo grupo: de 18:15 a 20 horas.<\/p>\n<p>Imparten: Idelfonso Acosta Hern\u00e1ndez y Andr\u00e9s Rodr\u00edguez Batista<\/p>\n<p>Plazas limitadas<\/p>\n<a  itemprop=\"url\" href=\"https:\/\/form.jotform.com\/241221970786359\" target=\"_blank\"  class=\"qbutton  default\" style=\"\">INSCRIPCI\u00d3N 1\u00aa SESI\u00d3N<\/a>\n<p>&nbsp;<\/p>\n<a  itemprop=\"url\" href=\"https:\/\/form.jotform.com\/241222078074349\" target=\"_blank\"  class=\"qbutton  default\" style=\"\">INSCRIPCI\u00d3N 2\u00aa SESI\u00d3N<\/a>\n<p>&nbsp;<\/p>\n<p><iframe loading=\"lazy\" style=\"border: 0;\" src=\"https:\/\/www.google.com\/maps\/embed?pb=!1m17!1m12!1m3!1d3516.420012625734!2d-17.73444158891613!3d28.74343847550262!2m3!1f0!2f0!3f0!3m2!1i1024!2i768!4f13.1!3m2!1m1!2zMjjCsDQ0JzM2LjQiTiAxN8KwNDMnNTQuNyJX!5e1!3m2!1ses!2ses!4v1714640957071!5m2!1ses!2ses\" width=\"600\" height=\"450\" allowfullscreen=\"allowfullscreen\"><\/iframe><\/p>\n","protected":false},"excerpt":{"rendered":"<p>El Servicio de Agricultura, Ganader\u00eda, Pesca y Soberan\u00eda Alimentaria del Cabildo Insular de La Palma organiza el martes, 14 de mayo, un curso sobre deshijado de la platanera. Se celebra en la Finca Los Roques (Costa de Puntallana) Consultar ubicaci\u00f3n Primer grupo: de 16 a&#8230;<\/p>\n","protected":false},"author":1,"featured_media":1222,"comment_status":"open","ping_status":"closed","template":"","meta":{"_tribe_events_status":"","_tribe_events_status_reason":""},"tags":[35],"tribe_events_cat":[45],"yoast_head":"<!-- This site is optimized with the Yoast SEO plugin v23.5 - https:\/\/yoast.com\/wordpress\/plugins\/seo\/ -->\n<title>Curso Deshijado de la platanera - Aula Agraria Cabildo de La Palma<\/title>\n<meta name=\"description\" content=\"El Servicio de Agricultura, Ganader\u00eda, Pesca y Soberan\u00eda Alimentaria del Cabildo Insular de La Palma organiza el 14 de mayo en Puntallana\" \/>\n<meta name=\"robots\" content=\"index, follow, max-snippet:-1, max-image-preview:large, max-video-preview:-1\" \/>\n<link rel=\"canonical\" href=\"https:\/\/canalagrariolapalma.com\/aula\/curso\/curso-deshijado-de-la-platanera\/\" \/>\n<meta property=\"og:locale\" content=\"es_ES\" \/>\n<meta property=\"og:type\" content=\"article\" \/>\n<meta property=\"og:title\" content=\"Curso Deshijado de la platanera - Aula Agraria Cabildo de La Palma\" \/>\n<meta property=\"og:description\" content=\"El Servicio de Agricultura, Ganader\u00eda, Pesca y Soberan\u00eda Alimentaria del Cabildo Insular de La Palma organiza el 14 de mayo en Puntallana\" \/>\n<meta property=\"og:url\" content=\"https:\/\/canalagrariolapalma.com\/aula\/curso\/curso-deshijado-de-la-platanera\/\" \/>\n<meta property=\"og:site_name\" content=\"Aula Agraria Cabildo de La Palma\" \/>\n<meta property=\"article:modified_time\" content=\"2024-05-02T09:21:31+00:00\" \/>\n<meta property=\"og:image\" content=\"https:\/\/canalagrariolapalma.com\/aula\/wp-content\/uploads\/2024\/05\/Curso-Deshijado-Platanera-Mayo-2024.jpg\" \/>\n\t<meta property=\"og:image:width\" content=\"1500\" \/>\n\t<meta property=\"og:image:height\" content=\"2122\" \/>\n\t<meta property=\"og:image:type\" content=\"image\/jpeg\" \/>\n<meta name=\"twitter:card\" content=\"summary_large_image\" \/>\n<meta name=\"twitter:label1\" content=\"Tiempo de lectura\" \/>\n\t<meta name=\"twitter:data1\" content=\"1 minuto\" \/>\n<script type=\"application\/ld+json\" class=\"yoast-schema-graph\">{\"@context\":\"https:\/\/schema.org\",\"@graph\":[{\"@type\":\"WebPage\",\"@id\":\"https:\/\/canalagrariolapalma.com\/aula\/curso\/curso-deshijado-de-la-platanera\/\",\"url\":\"https:\/\/canalagrariolapalma.com\/aula\/curso\/curso-deshijado-de-la-platanera\/\",\"name\":\"Curso Deshijado de la platanera - Aula Agraria Cabildo de La Palma\",\"isPartOf\":{\"@id\":\"https:\/\/canalagrariolapalma.com\/aula\/#website\"},\"primaryImageOfPage\":{\"@id\":\"https:\/\/canalagrariolapalma.com\/aula\/curso\/curso-deshijado-de-la-platanera\/#primaryimage\"},\"image\":{\"@id\":\"https:\/\/canalagrariolapalma.com\/aula\/curso\/curso-deshijado-de-la-platanera\/#primaryimage\"},\"thumbnailUrl\":\"https:\/\/canalagrariolapalma.com\/aula\/wp-content\/uploads\/2024\/05\/Curso-Deshijado-Platanera-Mayo-2024.jpg\",\"datePublished\":\"2024-05-06T08:55:08+00:00\",\"dateModified\":\"2024-05-02T09:21:31+00:00\",\"description\":\"El Servicio de Agricultura, Ganader\u00eda, Pesca y Soberan\u00eda Alimentaria del Cabildo Insular de La Palma organiza el 14 de mayo en Puntallana\",\"breadcrumb\":{\"@id\":\"https:\/\/canalagrariolapalma.com\/aula\/curso\/curso-deshijado-de-la-platanera\/#breadcrumb\"},\"inLanguage\":\"es\",\"potentialAction\":[{\"@type\":\"ReadAction\",\"target\":[\"https:\/\/canalagrariolapalma.com\/aula\/curso\/curso-deshijado-de-la-platanera\/\"]}]},{\"@type\":\"ImageObject\",\"inLanguage\":\"es\",\"@id\":\"https:\/\/canalagrariolapalma.com\/aula\/curso\/curso-deshijado-de-la-platanera\/#primaryimage\",\"url\":\"https:\/\/canalagrariolapalma.com\/aula\/wp-content\/uploads\/2024\/05\/Curso-Deshijado-Platanera-Mayo-2024.jpg\",\"contentUrl\":\"https:\/\/canalagrariolapalma.com\/aula\/wp-content\/uploads\/2024\/05\/Curso-Deshijado-Platanera-Mayo-2024.jpg\",\"width\":1500,\"height\":2122,\"caption\":\"Curso Deshijado de la platanera, 14 de mayo\"},{\"@type\":\"BreadcrumbList\",\"@id\":\"https:\/\/canalagrariolapalma.com\/aula\/curso\/curso-deshijado-de-la-platanera\/#breadcrumb\",\"itemListElement\":[{\"@type\":\"ListItem\",\"position\":1,\"name\":\"Portada\",\"item\":\"https:\/\/canalagrariolapalma.com\/aula\/\"},{\"@type\":\"ListItem\",\"position\":2,\"name\":\"Eventos\",\"item\":\"https:\/\/canalagrariolapalma.com\/aula\/cursos\/\"},{\"@type\":\"ListItem\",\"position\":3,\"name\":\"Curso Deshijado de la platanera\"}]},{\"@type\":\"WebSite\",\"@id\":\"https:\/\/canalagrariolapalma.com\/aula\/#website\",\"url\":\"https:\/\/canalagrariolapalma.com\/aula\/\",\"name\":\"Aula Agraria Cabildo de La Palma\",\"description\":\"Cursos profesionales homologados. Consejer\u00eda de Agricultura, Ganader\u00eda y Pesca del Cabildo de La Palma\",\"publisher\":{\"@id\":\"https:\/\/canalagrariolapalma.com\/aula\/#organization\"},\"potentialAction\":[{\"@type\":\"SearchAction\",\"target\":{\"@type\":\"EntryPoint\",\"urlTemplate\":\"https:\/\/canalagrariolapalma.com\/aula\/?s={search_term_string}\"},\"query-input\":{\"@type\":\"PropertyValueSpecification\",\"valueRequired\":true,\"valueName\":\"search_term_string\"}}],\"inLanguage\":\"es\"},{\"@type\":\"Organization\",\"@id\":\"https:\/\/canalagrariolapalma.com\/aula\/#organization\",\"name\":\"Aula Agraria Cabildo de La Palma\",\"url\":\"https:\/\/canalagrariolapalma.com\/aula\/\",\"logo\":{\"@type\":\"ImageObject\",\"inLanguage\":\"es\",\"@id\":\"https:\/\/canalagrariolapalma.com\/aula\/#\/schema\/logo\/image\/\",\"url\":\"https:\/\/canalagrariolapalma.com\/aula\/wp-content\/uploads\/2021\/01\/CABILDO-CONSEJERIA-AGRICULTURA.png\",\"contentUrl\":\"https:\/\/canalagrariolapalma.com\/aula\/wp-content\/uploads\/2021\/01\/CABILDO-CONSEJERIA-AGRICULTURA.png\",\"width\":320,\"height\":172,\"caption\":\"Aula Agraria Cabildo de La Palma\"},\"image\":{\"@id\":\"https:\/\/canalagrariolapalma.com\/aula\/#\/schema\/logo\/image\/\"}}]}<\/script>\n<!-- \/ Yoast SEO plugin. -->","yoast_head_json":{"title":"Curso Deshijado de la platanera - Aula Agraria Cabildo de La Palma","description":"El Servicio de Agricultura, Ganader\u00eda, Pesca y Soberan\u00eda Alimentaria del Cabildo Insular de La Palma organiza el 14 de mayo en Puntallana","robots":{"index":"index","follow":"follow","max-snippet":"max-snippet:-1","max-image-preview":"max-image-preview:large","max-video-preview":"max-video-preview:-1"},"canonical":"https:\/\/canalagrariolapalma.com\/aula\/curso\/curso-deshijado-de-la-platanera\/","og_locale":"es_ES","og_type":"article","og_title":"Curso Deshijado de la platanera - Aula Agraria Cabildo de La Palma","og_description":"El Servicio de Agricultura, Ganader\u00eda, Pesca y Soberan\u00eda Alimentaria del Cabildo Insular de La Palma organiza el 14 de mayo en Puntallana","og_url":"https:\/\/canalagrariolapalma.com\/aula\/curso\/curso-deshijado-de-la-platanera\/","og_site_name":"Aula Agraria Cabildo de La Palma","article_modified_time":"2024-05-02T09:21:31+00:00","og_image":[{"width":1500,"height":2122,"url":"https:\/\/canalagrariolapalma.com\/aula\/wp-content\/uploads\/2024\/05\/Curso-Deshijado-Platanera-Mayo-2024.jpg","type":"image\/jpeg"}],"twitter_card":"summary_large_image","twitter_misc":{"Tiempo de lectura":"1 minuto"},"schema":{"@context":"https:\/\/schema.org","@graph":[{"@type":"WebPage","@id":"https:\/\/canalagrariolapalma.com\/aula\/curso\/curso-deshijado-de-la-platanera\/","url":"https:\/\/canalagrariolapalma.com\/aula\/curso\/curso-deshijado-de-la-platanera\/","name":"Curso Deshijado de la platanera - Aula Agraria Cabildo de La Palma","isPartOf":{"@id":"https:\/\/canalagrariolapalma.com\/aula\/#website"},"primaryImageOfPage":{"@id":"https:\/\/canalagrariolapalma.com\/aula\/curso\/curso-deshijado-de-la-platanera\/#primaryimage"},"image":{"@id":"https:\/\/canalagrariolapalma.com\/aula\/curso\/curso-deshijado-de-la-platanera\/#primaryimage"},"thumbnailUrl":"https:\/\/canalagrariolapalma.com\/aula\/wp-content\/uploads\/2024\/05\/Curso-Deshijado-Platanera-Mayo-2024.jpg","datePublished":"2024-05-06T08:55:08+00:00","dateModified":"2024-05-02T09:21:31+00:00","description":"El Servicio de Agricultura, Ganader\u00eda, Pesca y Soberan\u00eda Alimentaria del Cabildo Insular de La Palma organiza el 14 de mayo en Puntallana","breadcrumb":{"@id":"https:\/\/canalagrariolapalma.com\/aula\/curso\/curso-deshijado-de-la-platanera\/#breadcrumb"},"inLanguage":"es","potentialAction":[{"@type":"ReadAction","target":["https:\/\/canalagrariolapalma.com\/aula\/curso\/curso-deshijado-de-la-platanera\/"]}]},{"@type":"ImageObject","inLanguage":"es","@id":"https:\/\/canalagrariolapalma.com\/aula\/curso\/curso-deshijado-de-la-platanera\/#primaryimage","url":"https:\/\/canalagrariolapalma.com\/aula\/wp-content\/uploads\/2024\/05\/Curso-Deshijado-Platanera-Mayo-2024.jpg","contentUrl":"https:\/\/canalagrariolapalma.com\/aula\/wp-content\/uploads\/2024\/05\/Curso-Deshijado-Platanera-Mayo-2024.jpg","width":1500,"height":2122,"caption":"Curso Deshijado de la platanera, 14 de mayo"},{"@type":"BreadcrumbList","@id":"https:\/\/canalagrariolapalma.com\/aula\/curso\/curso-deshijado-de-la-platanera\/#breadcrumb","itemListElement":[{"@type":"ListItem","position":1,"name":"Portada","item":"https:\/\/canalagrariolapalma.com\/aula\/"},{"@type":"ListItem","position":2,"name":"Eventos","item":"https:\/\/canalagrariolapalma.com\/aula\/cursos\/"},{"@type":"ListItem","position":3,"name":"Curso Deshijado de la platanera"}]},{"@type":"WebSite","@id":"https:\/\/canalagrariolapalma.com\/aula\/#website","url":"https:\/\/canalagrariolapalma.com\/aula\/","name":"Aula Agraria Cabildo de La Palma","description":"Cursos profesionales homologados. Consejer\u00eda de Agricultura, Ganader\u00eda y Pesca del Cabildo de La Palma","publisher":{"@id":"https:\/\/canalagrariolapalma.com\/aula\/#organization"},"potentialAction":[{"@type":"SearchAction","target":{"@type":"EntryPoint","urlTemplate":"https:\/\/canalagrariolapalma.com\/aula\/?s={search_term_string}"},"query-input":{"@type":"PropertyValueSpecification","valueRequired":true,"valueName":"search_term_string"}}],"inLanguage":"es"},{"@type":"Organization","@id":"https:\/\/canalagrariolapalma.com\/aula\/#organization","name":"Aula Agraria Cabildo de La Palma","url":"https:\/\/canalagrariolapalma.com\/aula\/","logo":{"@type":"ImageObject","inLanguage":"es","@id":"https:\/\/canalagrariolapalma.com\/aula\/#\/schema\/logo\/image\/","url":"https:\/\/canalagrariolapalma.com\/aula\/wp-content\/uploads\/2021\/01\/CABILDO-CONSEJERIA-AGRICULTURA.png","contentUrl":"https:\/\/canalagrariolapalma.com\/aula\/wp-content\/uploads\/2021\/01\/CABILDO-CONSEJERIA-AGRICULTURA.png","width":320,"height":172,"caption":"Aula Agraria Cabildo de La Palma"},"image":{"@id":"https:\/\/canalagrariolapalma.com\/aula\/#\/schema\/logo\/image\/"}}]}},"_links":{"self":[{"href":"https:\/\/canalagrariolapalma.com\/aula\/wp-json\/wp\/v2\/tribe_events\/1219"}],"collection":[{"href":"https:\/\/canalagrariolapalma.com\/aula\/wp-json\/wp\/v2\/tribe_events"}],"about":[{"href":"https:\/\/canalagrariolapalma.com\/aula\/wp-json\/wp\/v2\/types\/tribe_events"}],"author":[{"embeddable":true,"href":"https:\/\/canalagrariolapalma.com\/aula\/wp-json\/wp\/v2\/users\/1"}],"replies":[{"embeddable":true,"href":"https:\/\/canalagrariolapalma.com\/aula\/wp-json\/wp\/v2\/comments?post=1219"}],"version-history":[{"count":7,"href":"https:\/\/canalagrariolapalma.com\/aula\/wp-json\/wp\/v2\/tribe_events\/1219\/revisions"}],"predecessor-version":[{"id":1228,"href":"https:\/\/canalagrariolapalma.com\/aula\/wp-json\/wp\/v2\/tribe_events\/1219\/revisions\/1228"}],"wp:featuredmedia":[{"embeddable":true,"href":"https:\/\/canalagrariolapalma.com\/aula\/wp-json\/wp\/v2\/media\/1222"}],"wp:attachment":[{"href":"https:\/\/canalagrariolapalma.com\/aula\/wp-json\/wp\/v2\/media?parent=1219"}],"wp:term":[{"taxonomy":"post_tag","embeddable":true,"href":"https:\/\/canalagrariolapalma.com\/aula\/wp-json\/wp\/v2\/tags?post=1219"},{"taxonomy":"tribe_events_cat","embeddable":true,"href":"https:\/\/canalagrariolapalma.com\/aula\/wp-json\/wp\/v2\/tribe_events_cat?post=1219"}],"curies":[{"name":"wp","href":"https:\/\/api.w.org\/{rel}","templated":true}]}}