{"id":1007,"date":"2022-05-31T11:32:49","date_gmt":"2022-05-31T11:32:49","guid":{"rendered":"https:\/\/canalagrariolapalma.com\/aula\/?post_type=tribe_events&#038;p=1007"},"modified":"2022-05-31T11:32:49","modified_gmt":"2022-05-31T11:32:49","slug":"proyecto-de-recuperacion-del-cultivo-del-almendro","status":"publish","type":"tribe_events","link":"https:\/\/canalagrariolapalma.com\/aula\/curso\/proyecto-de-recuperacion-del-cultivo-del-almendro\/","title":{"rendered":"Proyecto de recuperaci\u00f3n del cultivo del almendro"},"content":{"rendered":"<p>Fecha: Mi\u00e9rcoles 15 de junio de 2022<br \/>\nHora de 18 a 20 horas<br \/>\nLugar: Casa de la Cultura Braulio Mart\u00edn, El Paso<br \/>\nImparte: Alicia Garc\u00eda P\u00e9rez<\/p>\n<p>&nbsp;<\/p>\n<p>&nbsp;<\/p>\n<a  itemprop=\"url\" href=\"https:\/\/docs.google.com\/forms\/d\/e\/1FAIpQLSf9343srVID14Fjqt8RQj4AT34pReTa6bY9gGzdfPQIQ_gQFw\/viewform\" target=\"_blank\"  class=\"qbutton  default\" style=\"\">INSCRIPCI\u00d3N<\/a>\n<p>&nbsp;<\/p>\n","protected":false},"excerpt":{"rendered":"<p>Fecha: Mi\u00e9rcoles 15 de junio de 2022 Hora de 18 a 20 horas Lugar: Casa de la Cultura Braulio Mart\u00edn, El Paso Imparte: Alicia Garc\u00eda P\u00e9rez &nbsp; &nbsp; &nbsp;<\/p>\n","protected":false},"author":1,"featured_media":1008,"comment_status":"open","ping_status":"closed","template":"","meta":{"_tribe_events_status":"","_tribe_events_status_reason":""},"tags":[25],"tribe_events_cat":[11],"yoast_head":"<!-- This site is optimized with the Yoast SEO plugin v23.5 - https:\/\/yoast.com\/wordpress\/plugins\/seo\/ -->\n<title>Proyecto de recuperaci\u00f3n del cultivo del almendro - Aula Agraria Cabildo de La Palma<\/title>\n<meta name=\"description\" content=\"15 de junio 2022, Proyecto de recuperaci\u00f3n del cultivo del almendro. Encuentro tendr\u00e1 lugar en el municipio de El Paso\" \/>\n<meta name=\"robots\" content=\"index, follow, max-snippet:-1, max-image-preview:large, max-video-preview:-1\" \/>\n<link rel=\"canonical\" href=\"https:\/\/canalagrariolapalma.com\/aula\/curso\/proyecto-de-recuperacion-del-cultivo-del-almendro\/\" \/>\n<meta property=\"og:locale\" content=\"es_ES\" \/>\n<meta property=\"og:type\" content=\"article\" \/>\n<meta property=\"og:title\" content=\"Proyecto de recuperaci\u00f3n del cultivo del almendro - Aula Agraria Cabildo de La Palma\" \/>\n<meta property=\"og:description\" content=\"15 de junio 2022, Proyecto de recuperaci\u00f3n del cultivo del almendro. Encuentro tendr\u00e1 lugar en el municipio de El Paso\" \/>\n<meta property=\"og:url\" content=\"https:\/\/canalagrariolapalma.com\/aula\/curso\/proyecto-de-recuperacion-del-cultivo-del-almendro\/\" \/>\n<meta property=\"og:site_name\" content=\"Aula Agraria Cabildo de La Palma\" \/>\n<meta property=\"og:image\" content=\"https:\/\/canalagrariolapalma.com\/aula\/wp-content\/uploads\/2022\/05\/cultivo_almendro.jpg\" \/>\n\t<meta property=\"og:image:width\" content=\"724\" \/>\n\t<meta property=\"og:image:height\" content=\"1024\" \/>\n\t<meta property=\"og:image:type\" content=\"image\/jpeg\" \/>\n<meta name=\"twitter:card\" content=\"summary_large_image\" \/>\n<script type=\"application\/ld+json\" class=\"yoast-schema-graph\">{\"@context\":\"https:\/\/schema.org\",\"@graph\":[{\"@type\":\"WebPage\",\"@id\":\"https:\/\/canalagrariolapalma.com\/aula\/curso\/proyecto-de-recuperacion-del-cultivo-del-almendro\/\",\"url\":\"https:\/\/canalagrariolapalma.com\/aula\/curso\/proyecto-de-recuperacion-del-cultivo-del-almendro\/\",\"name\":\"Proyecto de recuperaci\u00f3n del cultivo del almendro - Aula Agraria Cabildo de La Palma\",\"isPartOf\":{\"@id\":\"https:\/\/canalagrariolapalma.com\/aula\/#website\"},\"primaryImageOfPage\":{\"@id\":\"https:\/\/canalagrariolapalma.com\/aula\/curso\/proyecto-de-recuperacion-del-cultivo-del-almendro\/#primaryimage\"},\"image\":{\"@id\":\"https:\/\/canalagrariolapalma.com\/aula\/curso\/proyecto-de-recuperacion-del-cultivo-del-almendro\/#primaryimage\"},\"thumbnailUrl\":\"https:\/\/canalagrariolapalma.com\/aula\/wp-content\/uploads\/2022\/05\/cultivo_almendro.jpg\",\"datePublished\":\"2022-05-31T11:32:49+00:00\",\"dateModified\":\"2022-05-31T11:32:49+00:00\",\"description\":\"15 de junio 2022, Proyecto de recuperaci\u00f3n del cultivo del almendro. Encuentro tendr\u00e1 lugar en el municipio de El Paso\",\"breadcrumb\":{\"@id\":\"https:\/\/canalagrariolapalma.com\/aula\/curso\/proyecto-de-recuperacion-del-cultivo-del-almendro\/#breadcrumb\"},\"inLanguage\":\"es\",\"potentialAction\":[{\"@type\":\"ReadAction\",\"target\":[\"https:\/\/canalagrariolapalma.com\/aula\/curso\/proyecto-de-recuperacion-del-cultivo-del-almendro\/\"]}]},{\"@type\":\"ImageObject\",\"inLanguage\":\"es\",\"@id\":\"https:\/\/canalagrariolapalma.com\/aula\/curso\/proyecto-de-recuperacion-del-cultivo-del-almendro\/#primaryimage\",\"url\":\"https:\/\/canalagrariolapalma.com\/aula\/wp-content\/uploads\/2022\/05\/cultivo_almendro.jpg\",\"contentUrl\":\"https:\/\/canalagrariolapalma.com\/aula\/wp-content\/uploads\/2022\/05\/cultivo_almendro.jpg\",\"width\":724,\"height\":1024},{\"@type\":\"BreadcrumbList\",\"@id\":\"https:\/\/canalagrariolapalma.com\/aula\/curso\/proyecto-de-recuperacion-del-cultivo-del-almendro\/#breadcrumb\",\"itemListElement\":[{\"@type\":\"ListItem\",\"position\":1,\"name\":\"Portada\",\"item\":\"https:\/\/canalagrariolapalma.com\/aula\/\"},{\"@type\":\"ListItem\",\"position\":2,\"name\":\"Eventos\",\"item\":\"https:\/\/canalagrariolapalma.com\/aula\/cursos\/\"},{\"@type\":\"ListItem\",\"position\":3,\"name\":\"Proyecto de recuperaci\u00f3n del cultivo del almendro\"}]},{\"@type\":\"WebSite\",\"@id\":\"https:\/\/canalagrariolapalma.com\/aula\/#website\",\"url\":\"https:\/\/canalagrariolapalma.com\/aula\/\",\"name\":\"Aula Agraria Cabildo de La Palma\",\"description\":\"Cursos profesionales homologados. Consejer\u00eda de Agricultura, Ganader\u00eda y Pesca del Cabildo de La Palma\",\"publisher\":{\"@id\":\"https:\/\/canalagrariolapalma.com\/aula\/#organization\"},\"potentialAction\":[{\"@type\":\"SearchAction\",\"target\":{\"@type\":\"EntryPoint\",\"urlTemplate\":\"https:\/\/canalagrariolapalma.com\/aula\/?s={search_term_string}\"},\"query-input\":{\"@type\":\"PropertyValueSpecification\",\"valueRequired\":true,\"valueName\":\"search_term_string\"}}],\"inLanguage\":\"es\"},{\"@type\":\"Organization\",\"@id\":\"https:\/\/canalagrariolapalma.com\/aula\/#organization\",\"name\":\"Aula Agraria Cabildo de La Palma\",\"url\":\"https:\/\/canalagrariolapalma.com\/aula\/\",\"logo\":{\"@type\":\"ImageObject\",\"inLanguage\":\"es\",\"@id\":\"https:\/\/canalagrariolapalma.com\/aula\/#\/schema\/logo\/image\/\",\"url\":\"https:\/\/canalagrariolapalma.com\/aula\/wp-content\/uploads\/2021\/01\/CABILDO-CONSEJERIA-AGRICULTURA.png\",\"contentUrl\":\"https:\/\/canalagrariolapalma.com\/aula\/wp-content\/uploads\/2021\/01\/CABILDO-CONSEJERIA-AGRICULTURA.png\",\"width\":320,\"height\":172,\"caption\":\"Aula Agraria Cabildo de La Palma\"},\"image\":{\"@id\":\"https:\/\/canalagrariolapalma.com\/aula\/#\/schema\/logo\/image\/\"}}]}<\/script>\n<!-- \/ Yoast SEO plugin. -->","yoast_head_json":{"title":"Proyecto de recuperaci\u00f3n del cultivo del almendro - Aula Agraria Cabildo de La Palma","description":"15 de junio 2022, Proyecto de recuperaci\u00f3n del cultivo del almendro. Encuentro tendr\u00e1 lugar en el municipio de El Paso","robots":{"index":"index","follow":"follow","max-snippet":"max-snippet:-1","max-image-preview":"max-image-preview:large","max-video-preview":"max-video-preview:-1"},"canonical":"https:\/\/canalagrariolapalma.com\/aula\/curso\/proyecto-de-recuperacion-del-cultivo-del-almendro\/","og_locale":"es_ES","og_type":"article","og_title":"Proyecto de recuperaci\u00f3n del cultivo del almendro - Aula Agraria Cabildo de La Palma","og_description":"15 de junio 2022, Proyecto de recuperaci\u00f3n del cultivo del almendro. Encuentro tendr\u00e1 lugar en el municipio de El Paso","og_url":"https:\/\/canalagrariolapalma.com\/aula\/curso\/proyecto-de-recuperacion-del-cultivo-del-almendro\/","og_site_name":"Aula Agraria Cabildo de La Palma","og_image":[{"width":724,"height":1024,"url":"https:\/\/canalagrariolapalma.com\/aula\/wp-content\/uploads\/2022\/05\/cultivo_almendro.jpg","type":"image\/jpeg"}],"twitter_card":"summary_large_image","schema":{"@context":"https:\/\/schema.org","@graph":[{"@type":"WebPage","@id":"https:\/\/canalagrariolapalma.com\/aula\/curso\/proyecto-de-recuperacion-del-cultivo-del-almendro\/","url":"https:\/\/canalagrariolapalma.com\/aula\/curso\/proyecto-de-recuperacion-del-cultivo-del-almendro\/","name":"Proyecto de recuperaci\u00f3n del cultivo del almendro - Aula Agraria Cabildo de La Palma","isPartOf":{"@id":"https:\/\/canalagrariolapalma.com\/aula\/#website"},"primaryImageOfPage":{"@id":"https:\/\/canalagrariolapalma.com\/aula\/curso\/proyecto-de-recuperacion-del-cultivo-del-almendro\/#primaryimage"},"image":{"@id":"https:\/\/canalagrariolapalma.com\/aula\/curso\/proyecto-de-recuperacion-del-cultivo-del-almendro\/#primaryimage"},"thumbnailUrl":"https:\/\/canalagrariolapalma.com\/aula\/wp-content\/uploads\/2022\/05\/cultivo_almendro.jpg","datePublished":"2022-05-31T11:32:49+00:00","dateModified":"2022-05-31T11:32:49+00:00","description":"15 de junio 2022, Proyecto de recuperaci\u00f3n del cultivo del almendro. Encuentro tendr\u00e1 lugar en el municipio de El Paso","breadcrumb":{"@id":"https:\/\/canalagrariolapalma.com\/aula\/curso\/proyecto-de-recuperacion-del-cultivo-del-almendro\/#breadcrumb"},"inLanguage":"es","potentialAction":[{"@type":"ReadAction","target":["https:\/\/canalagrariolapalma.com\/aula\/curso\/proyecto-de-recuperacion-del-cultivo-del-almendro\/"]}]},{"@type":"ImageObject","inLanguage":"es","@id":"https:\/\/canalagrariolapalma.com\/aula\/curso\/proyecto-de-recuperacion-del-cultivo-del-almendro\/#primaryimage","url":"https:\/\/canalagrariolapalma.com\/aula\/wp-content\/uploads\/2022\/05\/cultivo_almendro.jpg","contentUrl":"https:\/\/canalagrariolapalma.com\/aula\/wp-content\/uploads\/2022\/05\/cultivo_almendro.jpg","width":724,"height":1024},{"@type":"BreadcrumbList","@id":"https:\/\/canalagrariolapalma.com\/aula\/curso\/proyecto-de-recuperacion-del-cultivo-del-almendro\/#breadcrumb","itemListElement":[{"@type":"ListItem","position":1,"name":"Portada","item":"https:\/\/canalagrariolapalma.com\/aula\/"},{"@type":"ListItem","position":2,"name":"Eventos","item":"https:\/\/canalagrariolapalma.com\/aula\/cursos\/"},{"@type":"ListItem","position":3,"name":"Proyecto de recuperaci\u00f3n del cultivo del almendro"}]},{"@type":"WebSite","@id":"https:\/\/canalagrariolapalma.com\/aula\/#website","url":"https:\/\/canalagrariolapalma.com\/aula\/","name":"Aula Agraria Cabildo de La Palma","description":"Cursos profesionales homologados. Consejer\u00eda de Agricultura, Ganader\u00eda y Pesca del Cabildo de La Palma","publisher":{"@id":"https:\/\/canalagrariolapalma.com\/aula\/#organization"},"potentialAction":[{"@type":"SearchAction","target":{"@type":"EntryPoint","urlTemplate":"https:\/\/canalagrariolapalma.com\/aula\/?s={search_term_string}"},"query-input":{"@type":"PropertyValueSpecification","valueRequired":true,"valueName":"search_term_string"}}],"inLanguage":"es"},{"@type":"Organization","@id":"https:\/\/canalagrariolapalma.com\/aula\/#organization","name":"Aula Agraria Cabildo de La Palma","url":"https:\/\/canalagrariolapalma.com\/aula\/","logo":{"@type":"ImageObject","inLanguage":"es","@id":"https:\/\/canalagrariolapalma.com\/aula\/#\/schema\/logo\/image\/","url":"https:\/\/canalagrariolapalma.com\/aula\/wp-content\/uploads\/2021\/01\/CABILDO-CONSEJERIA-AGRICULTURA.png","contentUrl":"https:\/\/canalagrariolapalma.com\/aula\/wp-content\/uploads\/2021\/01\/CABILDO-CONSEJERIA-AGRICULTURA.png","width":320,"height":172,"caption":"Aula Agraria Cabildo de La Palma"},"image":{"@id":"https:\/\/canalagrariolapalma.com\/aula\/#\/schema\/logo\/image\/"}}]}},"_links":{"self":[{"href":"https:\/\/canalagrariolapalma.com\/aula\/wp-json\/wp\/v2\/tribe_events\/1007"}],"collection":[{"href":"https:\/\/canalagrariolapalma.com\/aula\/wp-json\/wp\/v2\/tribe_events"}],"about":[{"href":"https:\/\/canalagrariolapalma.com\/aula\/wp-json\/wp\/v2\/types\/tribe_events"}],"author":[{"embeddable":true,"href":"https:\/\/canalagrariolapalma.com\/aula\/wp-json\/wp\/v2\/users\/1"}],"replies":[{"embeddable":true,"href":"https:\/\/canalagrariolapalma.com\/aula\/wp-json\/wp\/v2\/comments?post=1007"}],"version-history":[{"count":2,"href":"https:\/\/canalagrariolapalma.com\/aula\/wp-json\/wp\/v2\/tribe_events\/1007\/revisions"}],"predecessor-version":[{"id":1012,"href":"https:\/\/canalagrariolapalma.com\/aula\/wp-json\/wp\/v2\/tribe_events\/1007\/revisions\/1012"}],"wp:featuredmedia":[{"embeddable":true,"href":"https:\/\/canalagrariolapalma.com\/aula\/wp-json\/wp\/v2\/media\/1008"}],"wp:attachment":[{"href":"https:\/\/canalagrariolapalma.com\/aula\/wp-json\/wp\/v2\/media?parent=1007"}],"wp:term":[{"taxonomy":"post_tag","embeddable":true,"href":"https:\/\/canalagrariolapalma.com\/aula\/wp-json\/wp\/v2\/tags?post=1007"},{"taxonomy":"tribe_events_cat","embeddable":true,"href":"https:\/\/canalagrariolapalma.com\/aula\/wp-json\/wp\/v2\/tribe_events_cat?post=1007"}],"curies":[{"name":"wp","href":"https:\/\/api.w.org\/{rel}","templated":true}]}}